{"id":2661,"date":"2023-02-28T22:45:26","date_gmt":"2023-02-28T21:45:26","guid":{"rendered":"https:\/\/www.caravaning-esguard.com\/?page_id=2661"},"modified":"2026-01-19T11:22:39","modified_gmt":"2026-01-19T10:22:39","slug":"blog","status":"publish","type":"page","link":"https:\/\/www.caravaning-esguard.com\/en\/blog\/","title":{"rendered":"Blog"},"content":{"rendered":"<div data-elementor-type=\"wp-page\" data-elementor-id=\"2661\" class=\"elementor elementor-2661\" data-elementor-post-type=\"page\">\n\t\t\t\t\t\t<section class=\"elementor-section elementor-top-section elementor-element elementor-element-6b5d913 elementor-section-full_width elementor-section-height-default elementor-section-height-default\" data-id=\"6b5d913\" data-element_type=\"section\" data-e-type=\"section\">\n\t\t\t\t\t\t<div class=\"elementor-container elementor-column-gap-no\">\n\t\t\t\t\t<div class=\"elementor-column elementor-col-100 elementor-top-column elementor-element elementor-element-12843c4\" data-id=\"12843c4\" data-element_type=\"column\" data-e-type=\"column\">\n\t\t\t<div class=\"elementor-widget-wrap elementor-element-populated\">\n\t\t\t\t\t\t<div class=\"elementor-element elementor-element-15e2c3c premium-blog-align-center elementor-widget elementor-widget-premium-addon-blog\" data-id=\"15e2c3c\" data-element_type=\"widget\" data-e-type=\"widget\" data-settings=\"{&quot;scroll_to_offset&quot;:&quot;yes&quot;}\" data-widget_type=\"premium-addon-blog.default\">\n\t\t\t\t\t\n\t\t\n\n\t\t\t\t<div class=\"premium-blog-wrap  premium-blog-list\" data-page=\"2661\" data-pagination=\"true\">\n\t\t\t\t\t\t\t\t\t<div class=\"premium-blog-post-outer-container\" data-total=\"5\">\n\t\t\t<div class=\"premium-blog-post-container premium-blog-skin-modern\">\n\t\t\t\t\t\t\t\t\t<div class=\"premium-blog-thumb-effect-wrapper\">\n\t\t\t\t\t\t<div class=\"premium-blog-thumbnail-container premium-blog-blur-effect\">\n\t\t\t\t\t\t\t\t\t\t\t<a href=\"https:\/\/www.caravaning-esguard.com\/en\/ser-caravaner-esta-de-moda\/\" target=\"_blank\">\n\t\t\t\t<img fetchpriority=\"high\" decoding=\"async\" width=\"900\" height=\"500\" src=\"https:\/\/www.caravaning-esguard.com\/wp-content\/uploads\/2026\/03\/Caravaning-Esguard-Blog-Ser-caravaner-esta-de-moda.jpg\" class=\"attachment-full size-full wp-image-6544\" alt=\"Caravaning Esguard - Blog - Ser caravaner est\u00e0 de moda\" srcset=\"https:\/\/www.caravaning-esguard.com\/wp-content\/uploads\/2026\/03\/Caravaning-Esguard-Blog-Ser-caravaner-esta-de-moda.jpg 900w, https:\/\/www.caravaning-esguard.com\/wp-content\/uploads\/2026\/03\/Caravaning-Esguard-Blog-Ser-caravaner-esta-de-moda-300x167.jpg 300w, https:\/\/www.caravaning-esguard.com\/wp-content\/uploads\/2026\/03\/Caravaning-Esguard-Blog-Ser-caravaner-esta-de-moda-768x427.jpg 768w, https:\/\/www.caravaning-esguard.com\/wp-content\/uploads\/2026\/03\/Caravaning-Esguard-Blog-Ser-caravaner-esta-de-moda-18x10.jpg 18w\" sizes=\"(max-width: 900px) 100vw, 900px\" \/>\t\t\t\t<\/a>\n\t\t\t\t\t\t\t\t\t\t<\/div>\n\t\t\t\t\t\t\t\t\t\t\t\t\t<div class=\"premium-blog-effect-container premium-blog-diagonal-effect\">\n\t\t\t\t\t\t\t\t<a class=\"premium-blog-post-link\" href=\"https:\/\/www.caravaning-esguard.com\/en\/ser-caravaner-esta-de-moda\/\" target=\"_blank\"><span>Ser caravaner est\u00e0 de moda!<\/span><\/a>\n\t\t\t\t\t\t\t\t\t\t\t\t\t\t\t<\/div>\n\t\t\t\t\t\t\t\t\t\t\t<\/div>\n\t\t\t\t\t\t\t\t\t\t\t\t<div class=\"premium-blog-content-wrapper\">\n\n\t\t\t\t\t<div class=\"premium-blog-inner-container\">\n\n\t\t\t\t\t\t\t\t\t\t\t\t\t\t<h2 class=\"premium-blog-entry-title\">\n\t\t\t<a href=\"https:\/\/www.caravaning-esguard.com\/en\/ser-caravaner-esta-de-moda\/\" target=\"_blank\">\n\t\t\t\tSer caravaner est\u00e0 de moda!\t\t\t<\/a>\n\t\t<\/h2>\n\t\t\t\t<div class=\"premium-blog-entry-meta\">\n\t\t\t\n\t\t\t\n\t\t\t\n\t\t\t\t\t<\/div>\n\t\t\n\t\t\t\t\t<\/div>\n\n\t\t\t\t\t\t\t<div class=\"premium-blog-content-inner-wrapper\">\n\t\t<p class=\"premium-blog-post-content\">L&#8217;auge del caravaning a Espanya: un creixement del 185% a l&#8217;\u00faltima d\u00e8cada En els \u00faltims deu anys, el caravaning a Espanya ha experimentat un creixement sense precedents: segons dades recents, el sector ha augmentat un 185%, \u2026<\/p>\t\t<\/div>\n\t\t\t\t\t\t\t\n\t\t\t\t<\/div>\n\t\t\t<\/div>\n\t\t<\/div>\n\n\t\t\t\t<div class=\"premium-blog-post-outer-container\" data-total=\"5\">\n\t\t\t<div class=\"premium-blog-post-container premium-blog-skin-modern\">\n\t\t\t\t\t\t\t\t\t<div class=\"premium-blog-thumb-effect-wrapper\">\n\t\t\t\t\t\t<div class=\"premium-blog-thumbnail-container premium-blog-blur-effect\">\n\t\t\t\t\t\t\t\t\t\t\t<a href=\"https:\/\/www.caravaning-esguard.com\/en\/la-nostra-visita-al-salo-del-caravaning-de-barcelona-inspiracio-i-novetats\/\" target=\"_blank\">\n\t\t\t\t<img decoding=\"async\" width=\"900\" height=\"500\" src=\"https:\/\/www.caravaning-esguard.com\/wp-content\/uploads\/2025\/10\/Caravaning-Esguard-\u2013-Blog-\u2013-Salo-del-Caravaning-Barcelona-2025-01.jpg\" class=\"attachment-full size-full wp-image-6208\" alt=\"Caravaning Esguard \u2013 Blog \u2013 Sal\u00f3 del Caravaning Barcelona 2025\" srcset=\"https:\/\/www.caravaning-esguard.com\/wp-content\/uploads\/2025\/10\/Caravaning-Esguard-\u2013-Blog-\u2013-Salo-del-Caravaning-Barcelona-2025-01.jpg 900w, https:\/\/www.caravaning-esguard.com\/wp-content\/uploads\/2025\/10\/Caravaning-Esguard-\u2013-Blog-\u2013-Salo-del-Caravaning-Barcelona-2025-01-300x167.jpg 300w, https:\/\/www.caravaning-esguard.com\/wp-content\/uploads\/2025\/10\/Caravaning-Esguard-\u2013-Blog-\u2013-Salo-del-Caravaning-Barcelona-2025-01-768x427.jpg 768w\" sizes=\"(max-width: 900px) 100vw, 900px\" \/>\t\t\t\t<\/a>\n\t\t\t\t\t\t\t\t\t\t<\/div>\n\t\t\t\t\t\t\t\t\t\t\t\t\t<div class=\"premium-blog-effect-container premium-blog-diagonal-effect\">\n\t\t\t\t\t\t\t\t<a class=\"premium-blog-post-link\" href=\"https:\/\/www.caravaning-esguard.com\/en\/la-nostra-visita-al-salo-del-caravaning-de-barcelona-inspiracio-i-novetats\/\" target=\"_blank\"><span>La nostra visita al Sal\u00f3 del Caravaning de Barcelona: inspiraci\u00f3 i novetats<\/span><\/a>\n\t\t\t\t\t\t\t\t\t\t\t\t\t\t\t<\/div>\n\t\t\t\t\t\t\t\t\t\t\t<\/div>\n\t\t\t\t\t\t\t\t\t\t\t\t<div class=\"premium-blog-content-wrapper\">\n\n\t\t\t\t\t<div class=\"premium-blog-inner-container\">\n\n\t\t\t\t\t\t\t\t\t\t\t\t\t\t<h2 class=\"premium-blog-entry-title\">\n\t\t\t<a href=\"https:\/\/www.caravaning-esguard.com\/en\/la-nostra-visita-al-salo-del-caravaning-de-barcelona-inspiracio-i-novetats\/\" target=\"_blank\">\n\t\t\t\tLa nostra visita al Sal\u00f3 del Caravaning de Barcelona: inspiraci\u00f3 i novetats\t\t\t<\/a>\n\t\t<\/h2>\n\t\t\t\t<div class=\"premium-blog-entry-meta\">\n\t\t\t\n\t\t\t\n\t\t\t\n\t\t\t\t\t<\/div>\n\t\t\n\t\t\t\t\t<\/div>\n\n\t\t\t\t\t\t\t<div class=\"premium-blog-content-inner-wrapper\">\n\t\t<p class=\"premium-blog-post-content\">Un any m\u00e9s, a\u00a0Caravaning\u00a0Esguard\u00a0hem tingut l&#8217;oportunitat d&#8217;assistir el Sal\u00f3 del\u00a0Caravaning\u00a0de Barcelona, un esdeveniment que reuneix els amants del\u00a0caravaning\u00a0i les \u00faltimes novetats del sector. Va ser una experi\u00e8ncia enriquidora que volem compartir amb tu. Descobrint les \u00faltimes \u2026<\/p>\t\t<\/div>\n\t\t\t\t\t\t\t\n\t\t\t\t<\/div>\n\t\t\t<\/div>\n\t\t<\/div>\n\n\t\t\t\t<div class=\"premium-blog-post-outer-container\" data-total=\"5\">\n\t\t\t<div class=\"premium-blog-post-container premium-blog-skin-modern\">\n\t\t\t\t\t\t\t\t\t<div class=\"premium-blog-thumb-effect-wrapper\">\n\t\t\t\t\t\t<div class=\"premium-blog-thumbnail-container premium-blog-blur-effect\">\n\t\t\t\t\t\t\t\t\t\t\t<a href=\"https:\/\/www.caravaning-esguard.com\/en\/consells-per-conservar-be-la-bateria-laigua-i-el-gas-durant-el-teu-viatge-en-autocaravana\/\" target=\"_blank\">\n\t\t\t\t<img decoding=\"async\" width=\"900\" height=\"500\" src=\"https:\/\/www.caravaning-esguard.com\/wp-content\/uploads\/2025\/07\/Caravaning-Esguard-\u2013-Blog-\u2013-Consells-per-conservar-be-la-bateria-laigua-i-el-gas-durant-el-viatge-en-autocaravana.jpg\" class=\"attachment-full size-full wp-image-6138\" alt=\"Caravaning Esguard \u2013 Blog \u2013 Consells per conservar b\u00e9 la bateria, l&#039;aigua i el gas durant el viatge en autocaravana\" srcset=\"https:\/\/www.caravaning-esguard.com\/wp-content\/uploads\/2025\/07\/Caravaning-Esguard-\u2013-Blog-\u2013-Consells-per-conservar-be-la-bateria-laigua-i-el-gas-durant-el-viatge-en-autocaravana.jpg 900w, https:\/\/www.caravaning-esguard.com\/wp-content\/uploads\/2025\/07\/Caravaning-Esguard-\u2013-Blog-\u2013-Consells-per-conservar-be-la-bateria-laigua-i-el-gas-durant-el-viatge-en-autocaravana-300x167.jpg 300w, https:\/\/www.caravaning-esguard.com\/wp-content\/uploads\/2025\/07\/Caravaning-Esguard-\u2013-Blog-\u2013-Consells-per-conservar-be-la-bateria-laigua-i-el-gas-durant-el-viatge-en-autocaravana-768x427.jpg 768w\" sizes=\"(max-width: 900px) 100vw, 900px\" \/>\t\t\t\t<\/a>\n\t\t\t\t\t\t\t\t\t\t<\/div>\n\t\t\t\t\t\t\t\t\t\t\t\t\t<div class=\"premium-blog-effect-container premium-blog-diagonal-effect\">\n\t\t\t\t\t\t\t\t<a class=\"premium-blog-post-link\" href=\"https:\/\/www.caravaning-esguard.com\/en\/consells-per-conservar-be-la-bateria-laigua-i-el-gas-durant-el-teu-viatge-en-autocaravana\/\" target=\"_blank\"><span>Consells per conservar b\u00e9 la bateria, l\u2019aigua i el gas durant el teu viatge en autocaravana<\/span><\/a>\n\t\t\t\t\t\t\t\t\t\t\t\t\t\t\t<\/div>\n\t\t\t\t\t\t\t\t\t\t\t<\/div>\n\t\t\t\t\t\t\t\t\t\t\t\t<div class=\"premium-blog-content-wrapper\">\n\n\t\t\t\t\t<div class=\"premium-blog-inner-container\">\n\n\t\t\t\t\t\t\t\t\t\t\t\t\t\t<h2 class=\"premium-blog-entry-title\">\n\t\t\t<a href=\"https:\/\/www.caravaning-esguard.com\/en\/consells-per-conservar-be-la-bateria-laigua-i-el-gas-durant-el-teu-viatge-en-autocaravana\/\" target=\"_blank\">\n\t\t\t\tConsells per conservar b\u00e9 la bateria, l\u2019aigua i el gas durant el teu viatge en autocaravana\t\t\t<\/a>\n\t\t<\/h2>\n\t\t\t\t<div class=\"premium-blog-entry-meta\">\n\t\t\t\n\t\t\t\n\t\t\t\n\t\t\t\t\t<\/div>\n\t\t\n\t\t\t\t\t<\/div>\n\n\t\t\t\t\t\t\t<div class=\"premium-blog-content-inner-wrapper\">\n\t\t<p class=\"premium-blog-post-content translation-block\">Viure una aventura sobre rodes \u00e9s sin\u00f2nim de llibertat, natura i autonomia. Per\u00f2 per gaudir-la plenament cal aprendre a gestionar b\u00e9 tres recursos essencials: <strong>la bateria, l\u2019aigua i el gas<\/strong>. Si els utilitzes de manera eficient, evitar\u00e0s imprevistos i podr\u00e0s allargar les teves parades sense preocupar-te.<\/p>\t\t<\/div>\n\t\t\t\t\t\t\t\n\t\t\t\t<\/div>\n\t\t\t<\/div>\n\t\t<\/div>\n\n\t\t\t\t<div class=\"premium-blog-post-outer-container\" data-total=\"5\">\n\t\t\t<div class=\"premium-blog-post-container premium-blog-skin-modern\">\n\t\t\t\t\t\t\t\t\t<div class=\"premium-blog-thumb-effect-wrapper\">\n\t\t\t\t\t\t<div class=\"premium-blog-thumbnail-container premium-blog-blur-effect\">\n\t\t\t\t\t\t\t\t\t\t\t<a href=\"https:\/\/www.caravaning-esguard.com\/en\/vacacinces-en-autocaravana-a-la-vista\/\" target=\"_blank\">\n\t\t\t\t<img loading=\"lazy\" decoding=\"async\" width=\"900\" height=\"500\" src=\"https:\/\/www.caravaning-esguard.com\/wp-content\/uploads\/2025\/02\/Caravaning-Esguard-Blog-Vacances-en-autocaravana-a-la-vista.jpg\" class=\"attachment-full size-full wp-image-6086\" alt=\"Caravaning Esguard - Blog - Vacances en autocaravana a la vista\" srcset=\"https:\/\/www.caravaning-esguard.com\/wp-content\/uploads\/2025\/02\/Caravaning-Esguard-Blog-Vacances-en-autocaravana-a-la-vista.jpg 900w, https:\/\/www.caravaning-esguard.com\/wp-content\/uploads\/2025\/02\/Caravaning-Esguard-Blog-Vacances-en-autocaravana-a-la-vista-300x167.jpg 300w, https:\/\/www.caravaning-esguard.com\/wp-content\/uploads\/2025\/02\/Caravaning-Esguard-Blog-Vacances-en-autocaravana-a-la-vista-768x427.jpg 768w\" sizes=\"(max-width: 900px) 100vw, 900px\" \/>\t\t\t\t<\/a>\n\t\t\t\t\t\t\t\t\t\t<\/div>\n\t\t\t\t\t\t\t\t\t\t\t\t\t<div class=\"premium-blog-effect-container premium-blog-diagonal-effect\">\n\t\t\t\t\t\t\t\t<a class=\"premium-blog-post-link\" href=\"https:\/\/www.caravaning-esguard.com\/en\/vacacinces-en-autocaravana-a-la-vista\/\" target=\"_blank\"><span>Vacances en autocaravana a la vista!<\/span><\/a>\n\t\t\t\t\t\t\t\t\t\t\t\t\t\t\t<\/div>\n\t\t\t\t\t\t\t\t\t\t\t<\/div>\n\t\t\t\t\t\t\t\t\t\t\t\t<div class=\"premium-blog-content-wrapper\">\n\n\t\t\t\t\t<div class=\"premium-blog-inner-container\">\n\n\t\t\t\t\t\t\t\t\t\t\t\t\t\t<h2 class=\"premium-blog-entry-title\">\n\t\t\t<a href=\"https:\/\/www.caravaning-esguard.com\/en\/vacacinces-en-autocaravana-a-la-vista\/\" target=\"_blank\">\n\t\t\t\tVacances en autocaravana a la vista!\t\t\t<\/a>\n\t\t<\/h2>\n\t\t\t\t<div class=\"premium-blog-entry-meta\">\n\t\t\t\n\t\t\t\n\t\t\t\n\t\t\t\t\t<\/div>\n\t\t\n\t\t\t\t\t<\/div>\n\n\t\t\t\t\t\t\t<div class=\"premium-blog-content-inner-wrapper\">\n\t\t<p class=\"premium-blog-post-content\">Les vacances en autocaravana ofereixen llibertat, comoditat i una connexi\u00f3 \u00fanica amb la naturalesa. Tot i aix\u00f2, perqu\u00e8 l'experi\u00e8ncia sigui realment positiva, \u00e9s fonamental planificar b\u00e9 cada detall. A continuaci\u00f3, et deixem els aspectes clau que has de considerar abans d'emprendre el viatge.<\/p>\t\t<\/div>\n\t\t\t\t\t\t\t\n\t\t\t\t<\/div>\n\t\t\t<\/div>\n\t\t<\/div>\n\n\t\t\t\t\t\t\t<\/div>\n\n\t\t\t\t\t<div class=\"premium-blog-footer\">\n\t\t\t\t\t\t\t<nav class=\"premium-blog-pagination-container\" role=\"navigation\" aria-label=\"Pagination\">\n\t\t\t\t<span aria-current=\"page\" class=\"page-numbers current\">1<\/span>\n<a class=\"page-numbers\" href=\"https:\/\/www.caravaning-esguard.com\/en\/wp-json\/wp\/v2\/pages\/2661\/page\/2\/\">2<\/a>\n<a class=\"page-numbers\" href=\"https:\/\/www.caravaning-esguard.com\/en\/wp-json\/wp\/v2\/pages\/2661\/page\/3\/\">3<\/a>\n<span class=\"page-numbers dots\">&hellip;<\/span>\n<a class=\"page-numbers\" href=\"https:\/\/www.caravaning-esguard.com\/en\/wp-json\/wp\/v2\/pages\/2661\/page\/5\/\">5<\/a>\t\t\t<\/nav>\n\t\t\t\t\t\t<\/div>\n\t\t\n\t\t\n\t\t\t\t\t\t<\/div>\n\t\t\t\t\t<\/div>\n\t\t<\/div>\n\t\t\t\t\t<\/div>\n\t\t<\/section>\n\t\t\t\t<\/div>","protected":false},"excerpt":{"rendered":"<p>La nostra visita al Sal\u00f3 del Caravaning de Barcelona: inspiraci\u00f3 i novetats La nostra visita al Sal\u00f3 del Caravaning de Barcelona: inspiraci\u00f3 i novetats Un any m\u00e9s, a\u00a0Caravaning\u00a0Esguard\u00a0hem tingut l&#8217;oportunitat d&#8217;assistir el Sal\u00f3 del\u00a0Caravaning\u00a0de Barcelona, un esdeveniment que reuneix els amants del\u00a0caravaning\u00a0i les \u00faltimes novetats del sector. Va ser una experi\u00e8ncia enriquidora que volem compartir<br \/><a class=\"moretag\" href=\"https:\/\/www.caravaning-esguard.com\/en\/vacacinces-en-autocaravana-a-la-vista\/\">+ Read More<\/a><\/p>","protected":false},"author":1,"featured_media":2801,"parent":0,"menu_order":0,"comment_status":"closed","ping_status":"closed","template":"templates\/page-fullwidth_template.php","meta":{"footnotes":""},"class_list":["post-2661","page","type-page","status-publish","has-post-thumbnail","hentry"],"yoast_head":"<!-- This site is optimized with the Yoast SEO plugin v27.5 - https:\/\/yoast.com\/product\/yoast-seo-wordpress\/ -->\n<title>Blog - Caravaning Esguard<\/title>\n<meta name=\"robots\" content=\"index, follow, max-snippet:-1, max-image-preview:large, max-video-preview:-1\" \/>\n<link rel=\"canonical\" href=\"https:\/\/www.caravaning-esguard.com\/en\/blog\/\" \/>\n<meta property=\"og:locale\" content=\"en_GB\" \/>\n<meta property=\"og:type\" content=\"article\" \/>\n<meta property=\"og:title\" content=\"Blog - Caravaning Esguard\" \/>\n<meta property=\"og:description\" content=\"La nostra visita al Sal\u00f3 del Caravaning de Barcelona: inspiraci\u00f3 i novetats La nostra visita al Sal\u00f3 del Caravaning de Barcelona: inspiraci\u00f3 i novetats Un any m\u00e9s, a\u00a0Caravaning\u00a0Esguard\u00a0hem tingut l&#8217;oportunitat d&#8217;assistir el Sal\u00f3 del\u00a0Caravaning\u00a0de Barcelona, un esdeveniment que reuneix els amants del\u00a0caravaning\u00a0i les \u00faltimes novetats del sector. Va ser una experi\u00e8ncia enriquidora que volem compartir+ Read More\" \/>\n<meta property=\"og:url\" content=\"https:\/\/www.caravaning-esguard.com\/en\/blog\/\" \/>\n<meta property=\"og:site_name\" content=\"Caravaning Esguard\" \/>\n<meta property=\"article:publisher\" content=\"https:\/\/www.facebook.com\/caravaningesguard\/\" \/>\n<meta property=\"article:modified_time\" content=\"2026-01-19T10:22:39+00:00\" \/>\n<meta property=\"og:image\" content=\"https:\/\/www.caravaning-esguard.com\/wp-content\/uploads\/2023\/03\/Caravaning-Esguard-Blog-H.jpg\" \/>\n\t<meta property=\"og:image:width\" content=\"1480\" \/>\n\t<meta property=\"og:image:height\" content=\"360\" \/>\n\t<meta property=\"og:image:type\" content=\"image\/jpeg\" \/>\n<meta name=\"twitter:card\" content=\"summary_large_image\" \/>\n<meta name=\"twitter:label1\" content=\"Estimated reading time\" \/>\n\t<meta name=\"twitter:data1\" content=\"1 minute\" \/>\n<script type=\"application\/ld+json\" class=\"yoast-schema-graph\">{\"@context\":\"https:\\\/\\\/schema.org\",\"@graph\":[{\"@type\":\"WebPage\",\"@id\":\"https:\\\/\\\/www.caravaning-esguard.com\\\/blog\\\/\",\"url\":\"https:\\\/\\\/www.caravaning-esguard.com\\\/blog\\\/\",\"name\":\"Blog - Caravaning Esguard\",\"isPartOf\":{\"@id\":\"https:\\\/\\\/www.caravaning-esguard.com\\\/#website\"},\"primaryImageOfPage\":{\"@id\":\"https:\\\/\\\/www.caravaning-esguard.com\\\/blog\\\/#primaryimage\"},\"image\":{\"@id\":\"https:\\\/\\\/www.caravaning-esguard.com\\\/blog\\\/#primaryimage\"},\"thumbnailUrl\":\"https:\\\/\\\/www.caravaning-esguard.com\\\/wp-content\\\/uploads\\\/2023\\\/03\\\/Caravaning-Esguard-Blog-H.jpg\",\"datePublished\":\"2023-02-28T21:45:26+00:00\",\"dateModified\":\"2026-01-19T10:22:39+00:00\",\"breadcrumb\":{\"@id\":\"https:\\\/\\\/www.caravaning-esguard.com\\\/blog\\\/#breadcrumb\"},\"inLanguage\":\"en-GB\",\"potentialAction\":[{\"@type\":\"ReadAction\",\"target\":[\"https:\\\/\\\/www.caravaning-esguard.com\\\/blog\\\/\"]}]},{\"@type\":\"ImageObject\",\"inLanguage\":\"en-GB\",\"@id\":\"https:\\\/\\\/www.caravaning-esguard.com\\\/blog\\\/#primaryimage\",\"url\":\"https:\\\/\\\/www.caravaning-esguard.com\\\/wp-content\\\/uploads\\\/2023\\\/03\\\/Caravaning-Esguard-Blog-H.jpg\",\"contentUrl\":\"https:\\\/\\\/www.caravaning-esguard.com\\\/wp-content\\\/uploads\\\/2023\\\/03\\\/Caravaning-Esguard-Blog-H.jpg\",\"width\":1480,\"height\":360,\"caption\":\"Caravaning Esguard - Blog\"},{\"@type\":\"BreadcrumbList\",\"@id\":\"https:\\\/\\\/www.caravaning-esguard.com\\\/blog\\\/#breadcrumb\",\"itemListElement\":[{\"@type\":\"ListItem\",\"position\":1,\"name\":\"Home\",\"item\":\"https:\\\/\\\/www.caravaning-esguard.com\\\/\"},{\"@type\":\"ListItem\",\"position\":2,\"name\":\"Blog\"}]},{\"@type\":\"WebSite\",\"@id\":\"https:\\\/\\\/www.caravaning-esguard.com\\\/#website\",\"url\":\"https:\\\/\\\/www.caravaning-esguard.com\\\/\",\"name\":\"Caravaning Esguard\",\"description\":\"Santa Cristina d&#039;Aro\",\"publisher\":{\"@id\":\"https:\\\/\\\/www.caravaning-esguard.com\\\/#organization\"},\"potentialAction\":[{\"@type\":\"SearchAction\",\"target\":{\"@type\":\"EntryPoint\",\"urlTemplate\":\"https:\\\/\\\/www.caravaning-esguard.com\\\/?s={search_term_string}\"},\"query-input\":{\"@type\":\"PropertyValueSpecification\",\"valueRequired\":true,\"valueName\":\"search_term_string\"}}],\"inLanguage\":\"en-GB\"},{\"@type\":\"Organization\",\"@id\":\"https:\\\/\\\/www.caravaning-esguard.com\\\/#organization\",\"name\":\"Caravaning Esguard\",\"url\":\"https:\\\/\\\/www.caravaning-esguard.com\\\/\",\"logo\":{\"@type\":\"ImageObject\",\"inLanguage\":\"en-GB\",\"@id\":\"https:\\\/\\\/www.caravaning-esguard.com\\\/#\\\/schema\\\/logo\\\/image\\\/\",\"url\":\"https:\\\/\\\/www.caravaning-esguard.com\\\/wp-content\\\/uploads\\\/2023\\\/09\\\/Caravaning-Esguard-Santa-Cristina-dAro-Logo.png\",\"contentUrl\":\"https:\\\/\\\/www.caravaning-esguard.com\\\/wp-content\\\/uploads\\\/2023\\\/09\\\/Caravaning-Esguard-Santa-Cristina-dAro-Logo.png\",\"width\":228,\"height\":80,\"caption\":\"Caravaning Esguard\"},\"image\":{\"@id\":\"https:\\\/\\\/www.caravaning-esguard.com\\\/#\\\/schema\\\/logo\\\/image\\\/\"},\"sameAs\":[\"https:\\\/\\\/www.facebook.com\\\/caravaningesguard\\\/\",\"https:\\\/\\\/www.instagram.com\\\/caravaningesguard\\\/\"]}]}<\/script>\n<!-- \/ Yoast SEO plugin. -->","yoast_head_json":{"title":"Blog - Caravaning Esguard","robots":{"index":"index","follow":"follow","max-snippet":"max-snippet:-1","max-image-preview":"max-image-preview:large","max-video-preview":"max-video-preview:-1"},"canonical":"https:\/\/www.caravaning-esguard.com\/en\/blog\/","og_locale":"en_GB","og_type":"article","og_title":"Blog - Caravaning Esguard","og_description":"La nostra visita al Sal\u00f3 del Caravaning de Barcelona: inspiraci\u00f3 i novetats La nostra visita al Sal\u00f3 del Caravaning de Barcelona: inspiraci\u00f3 i novetats Un any m\u00e9s, a\u00a0Caravaning\u00a0Esguard\u00a0hem tingut l&#8217;oportunitat d&#8217;assistir el Sal\u00f3 del\u00a0Caravaning\u00a0de Barcelona, un esdeveniment que reuneix els amants del\u00a0caravaning\u00a0i les \u00faltimes novetats del sector. Va ser una experi\u00e8ncia enriquidora que volem compartir+ Read More","og_url":"https:\/\/www.caravaning-esguard.com\/en\/blog\/","og_site_name":"Caravaning Esguard","article_publisher":"https:\/\/www.facebook.com\/caravaningesguard\/","article_modified_time":"2026-01-19T10:22:39+00:00","og_image":[{"width":1480,"height":360,"url":"https:\/\/www.caravaning-esguard.com\/wp-content\/uploads\/2023\/03\/Caravaning-Esguard-Blog-H.jpg","type":"image\/jpeg"}],"twitter_card":"summary_large_image","twitter_misc":{"Estimated reading time":"1 minute"},"schema":{"@context":"https:\/\/schema.org","@graph":[{"@type":"WebPage","@id":"https:\/\/www.caravaning-esguard.com\/blog\/","url":"https:\/\/www.caravaning-esguard.com\/blog\/","name":"Blog - Caravaning Esguard","isPartOf":{"@id":"https:\/\/www.caravaning-esguard.com\/#website"},"primaryImageOfPage":{"@id":"https:\/\/www.caravaning-esguard.com\/blog\/#primaryimage"},"image":{"@id":"https:\/\/www.caravaning-esguard.com\/blog\/#primaryimage"},"thumbnailUrl":"https:\/\/www.caravaning-esguard.com\/wp-content\/uploads\/2023\/03\/Caravaning-Esguard-Blog-H.jpg","datePublished":"2023-02-28T21:45:26+00:00","dateModified":"2026-01-19T10:22:39+00:00","breadcrumb":{"@id":"https:\/\/www.caravaning-esguard.com\/blog\/#breadcrumb"},"inLanguage":"en-GB","potentialAction":[{"@type":"ReadAction","target":["https:\/\/www.caravaning-esguard.com\/blog\/"]}]},{"@type":"ImageObject","inLanguage":"en-GB","@id":"https:\/\/www.caravaning-esguard.com\/blog\/#primaryimage","url":"https:\/\/www.caravaning-esguard.com\/wp-content\/uploads\/2023\/03\/Caravaning-Esguard-Blog-H.jpg","contentUrl":"https:\/\/www.caravaning-esguard.com\/wp-content\/uploads\/2023\/03\/Caravaning-Esguard-Blog-H.jpg","width":1480,"height":360,"caption":"Caravaning Esguard - Blog"},{"@type":"BreadcrumbList","@id":"https:\/\/www.caravaning-esguard.com\/blog\/#breadcrumb","itemListElement":[{"@type":"ListItem","position":1,"name":"Home","item":"https:\/\/www.caravaning-esguard.com\/"},{"@type":"ListItem","position":2,"name":"Blog"}]},{"@type":"WebSite","@id":"https:\/\/www.caravaning-esguard.com\/#website","url":"https:\/\/www.caravaning-esguard.com\/","name":"Caravaning Esguard","description":"Santa Cristina d&#039;Aro","publisher":{"@id":"https:\/\/www.caravaning-esguard.com\/#organization"},"potentialAction":[{"@type":"SearchAction","target":{"@type":"EntryPoint","urlTemplate":"https:\/\/www.caravaning-esguard.com\/?s={search_term_string}"},"query-input":{"@type":"PropertyValueSpecification","valueRequired":true,"valueName":"search_term_string"}}],"inLanguage":"en-GB"},{"@type":"Organization","@id":"https:\/\/www.caravaning-esguard.com\/#organization","name":"Caravaning Esguard","url":"https:\/\/www.caravaning-esguard.com\/","logo":{"@type":"ImageObject","inLanguage":"en-GB","@id":"https:\/\/www.caravaning-esguard.com\/#\/schema\/logo\/image\/","url":"https:\/\/www.caravaning-esguard.com\/wp-content\/uploads\/2023\/09\/Caravaning-Esguard-Santa-Cristina-dAro-Logo.png","contentUrl":"https:\/\/www.caravaning-esguard.com\/wp-content\/uploads\/2023\/09\/Caravaning-Esguard-Santa-Cristina-dAro-Logo.png","width":228,"height":80,"caption":"Caravaning Esguard"},"image":{"@id":"https:\/\/www.caravaning-esguard.com\/#\/schema\/logo\/image\/"},"sameAs":["https:\/\/www.facebook.com\/caravaningesguard\/","https:\/\/www.instagram.com\/caravaningesguard\/"]}]}},"_links":{"self":[{"href":"https:\/\/www.caravaning-esguard.com\/en\/wp-json\/wp\/v2\/pages\/2661","targetHints":{"allow":["GET"]}}],"collection":[{"href":"https:\/\/www.caravaning-esguard.com\/en\/wp-json\/wp\/v2\/pages"}],"about":[{"href":"https:\/\/www.caravaning-esguard.com\/en\/wp-json\/wp\/v2\/types\/page"}],"author":[{"embeddable":true,"href":"https:\/\/www.caravaning-esguard.com\/en\/wp-json\/wp\/v2\/users\/1"}],"replies":[{"embeddable":true,"href":"https:\/\/www.caravaning-esguard.com\/en\/wp-json\/wp\/v2\/comments?post=2661"}],"version-history":[{"count":0,"href":"https:\/\/www.caravaning-esguard.com\/en\/wp-json\/wp\/v2\/pages\/2661\/revisions"}],"wp:featuredmedia":[{"embeddable":true,"href":"https:\/\/www.caravaning-esguard.com\/en\/wp-json\/wp\/v2\/media\/2801"}],"wp:attachment":[{"href":"https:\/\/www.caravaning-esguard.com\/en\/wp-json\/wp\/v2\/media?parent=2661"}],"curies":[{"name":"wp","href":"https:\/\/api.w.org\/{rel}","templated":true}]}}