{"id":3,"date":"2022-11-03T08:26:59","date_gmt":"2022-11-03T07:26:59","guid":{"rendered":"https:\/\/accessoryscamping.com\/home\/esguard-caravaning-scda\/public_html\/?page_id=3"},"modified":"2026-01-16T11:38:35","modified_gmt":"2026-01-16T10:38:35","slug":"politica-de-privacitat","status":"publish","type":"page","link":"https:\/\/www.caravaning-esguard.com\/en\/politica-de-privacitat\/","title":{"rendered":"Pol\u00edtica de privacitat"},"content":{"rendered":"<h3 style=\"text-align: left;\">1. DADES DEL RESPONSABLE DEL TRACTAMENT<\/h3>\n<p>Ra\u00f3 Social:\u00a0<strong>SECTOR ESTACI\u00d3 SL<\/strong>\u00a0(d&#8217;ara endavant el \u201cResponsable\u201d).<br \/>\nCIF: <strong>B17865320<\/strong><br \/>\nDomicili: <strong>C\/ TAULERA N\u00ba 6 &#8211; 17246 &#8211; SANTA CRISTINA D&#8217;ARO &#8211; GIRONA<\/strong><br \/>\nTel\u00e8fon: <strong>972 835 636<\/strong><br \/>\nEmail per a comunicacions en mat\u00e8ria de Protecci\u00f3 de dades: <a href=\"mailto:info@caravanning-esguard.com\"><strong>info@caravanning-esguard.com<\/strong><\/a><\/p>\n<h4 style=\"text-align: left;\">1.1. Normativa aplicable<\/h4>\n<p style=\"text-align: justify;\">La nostra Pol\u00edtica de Privacitat s&#8217;ha dissenyat d&#8217;acord amb el Reglament General de Protecci\u00f3 de Dades de la UE 2016\/679 del Parlament Europeu i del Consell, de 27 d&#8217;abril de 2016, relatiu a la protecci\u00f3 de les persones f\u00edsiques pel que fa al tractament de dades personals ia la lliure circulaci\u00f3 d&#8217;aquestes dades i pel qual es deroga la Directiva 95\/46\/CE (Reglament general de protecci\u00f3 de dades), i la Llei Org\u00e0nica 3\/2018 de 5 de desembre, de Protecci\u00f3 de Dades de Car\u00e0cter Personal i Garantia dels Drets Digitals.<\/p>\n<p style=\"text-align: justify;\">En facilitar-nos les seves dades, declara haver llegit i con\u00e8ixer la present Pol\u00edtica de Privadesa, prestant el seu consentiment inequ\u00edvoc i expr\u00e9s al tractament de les seves dades personals d&#8217;acord amb les finalitats i termes aqu\u00ed expressats.<\/p>\n<p style=\"text-align: justify;\">L&#8217;Empresa podr\u00e0 modificar aquesta Pol\u00edtica de Privacitat per adaptar-la a les novetats legislatives, jurisprudencials o d&#8217;interpretaci\u00f3 de l&#8217;Ag\u00e8ncia Espanyola de Protecci\u00f3 de Dades. Aquestes condicions de privadesa poden ser complementades per l&#8217;Av\u00eds Legal, Pol\u00edtica de Cookies i les Condicions Generals que, si escau, es recullin per a determinats productes o serveis, si aquest acc\u00e9s suposa alguna especialitat en mat\u00e8ria de protecci\u00f3 de dades de car\u00e0cter personal.<\/p>\n<h4 style=\"text-align: left;\">1.2. El nostre Delegat de Protecci\u00f3 de Dades<\/h4>\n<p style=\"text-align: justify;\"><strong>LOPDMONTOLIU I SERVEIS SL<\/strong>, amb NIF. <strong>B55261804<\/strong>. El tel\u00e8fon de contacte \u00e9s <strong>625459540<\/strong> i el correu electr\u00f2nic: <a href=\"mailto:info@lopdmontoliu.es\"><strong>info@lopdmontoliu.es<\/strong><\/a><\/p>\n<h3 style=\"text-align: left;\">2. FINALITAT DEL TRACTAMENT DE LES DADES PERSONALS<\/h3>\n<p style=\"text-align: justify;\">El tractament que realitzem de les vostres dades personals respon a les seg\u00fcents finalitats:<\/p>\n<ul>\n<li style=\"text-align: justify;\">Proporcionar informaci\u00f3 relacionada amb els productes i serveis que ofereix la nostra empresa i que detallen en aquest lloc web.<\/li>\n<li style=\"text-align: justify;\">Realitzar la contractaci\u00f3 dels nostres serveis mitjan\u00e7ant l&#8217;acceptaci\u00f3 del corresponent pressupost\/comanda i\/o la signatura d&#8217;un contracte mercantil.<\/li>\n<li style=\"text-align: justify;\">Enviar per correu electr\u00f2nic i\/o postal les not\u00edcies i novetats sobre la nostra entitat, aix\u00ed com les actualitzacions del nostre cat\u00e0leg de productes i serveis.<\/li>\n<\/ul>\n<h4 style=\"text-align: left;\">2.1. Termini de Conservaci\u00f3 de les vostres dades<\/h4>\n<p style=\"text-align: justify;\">Conservarem les vostres dades personals des que ens doneu el vostre consentiment fins que ho revoqui o b\u00e9 sol\u00b7liciteu la limitaci\u00f3 del tractament. En aquests casos, mantindrem les vostres dades de manera bloquejada durant els terminis legalment exigits.<\/p>\n<h3 style=\"text-align: left;\">3. LEGITIMACI\u00d3 I DADES RECAPTADES<\/h3>\n<p style=\"text-align: justify;\">La legitimaci\u00f3 per al tractament de les vostres dades \u00e9s el consentiment expr\u00e9s atorgat mitjan\u00e7ant un acte positiu i afirmatiu (emplenar el formulari corresponent i marcar la casella d&#8217;acceptaci\u00f3 d&#8217;aquesta pol\u00edtica) en el moment de facilitar-nos les vostres dades personals.<\/p>\n<h4 style=\"text-align: left;\">3.1. Consentiment per tractar les vostres dades<\/h4>\n<p style=\"text-align: justify;\">En omplir els formularis, marcar la casella \u201cAccepto la Pol\u00edtica de Privadesa\u201d i fer clic per enviar les dades, o en remetre correus electr\u00f2nics a l&#8217;Empresa a trav\u00e9s dels comptes habilitats a aquest efecte, l&#8217;Usuari manifesta haver llegit i acceptat expressament la present pol\u00edtica de privadesa, i atorga el seu consentiment inequ\u00edvoc i expr\u00e9s al tractament de les seves dades personals d&#8217;acord amb les finalitats indicades.<\/p>\n<h4 style=\"text-align: left;\">3.2. Categories de dades<\/h4>\n<p style=\"text-align: justify;\">Les dades que es demanen es refereixen a la categoria de dades identificatives, com poden ser: Nom i Cognoms, Tel\u00e8fon, Adre\u00e7a Postal, Empresa, Correu electr\u00f2nic, aix\u00ed com l&#8217;adre\u00e7a IP des d&#8217;on accedeix al formulari de recollida de dades.<\/p>\n<h3 style=\"text-align: left;\">4. MESURES DE SEGURETAT<\/h3>\n<p style=\"text-align: justify;\">Dins del nostre comprom\u00eds per garantir la seguretat i confidencialitat de les vostres dades de car\u00e0cter personal, us informem que s&#8217;han adoptat les mesures d&#8217;\u00edndole t\u00e8cnica i organitzatives necess\u00e0ries per garantir la seguretat de les dades de car\u00e0cter personal i evitar la vostra alteraci\u00f3, p\u00e8rdua, tractament o acc\u00e9s no autoritzat, tenint en compte l&#8217;estat de la tecnologia, la naturalesa de les dades emmagatzemades i els riscos a qu\u00e8 estiguin exposats, segons l&#8217;Art. 32 del RGPD EU 679\/2016.<\/p>\n<h3 style=\"text-align: left;\">5. CESSI\u00d3 DE DADES<\/h3>\n<p style=\"text-align: justify;\">No es preveuen cessions de dades ni transfer\u00e8ncies internacionals de les seves dades, a excepci\u00f3 de les autoritzades per la legislaci\u00f3 fiscal, mercantil i de telecomunicacions, aix\u00ed com en aquells casos en qu\u00e8 una autoritat judicial ens ho requereixi.<\/p>\n<h3 style=\"text-align: left;\">6. DRETS DE L&#8217;USUARI<\/h3>\n<p style=\"text-align: justify;\">Qualsevol interessat t\u00e9 dret a obtenir confirmaci\u00f3 sobre si estem tractant dades personals que li concerneixin, o no. Les persones interessades tenen dret a accedir a les seves dades personals, aix\u00ed com a sol\u00b7licitar la rectificaci\u00f3 de les dades inexactes o, si escau, sol\u00b7licitar-ne la supressi\u00f3 quan, entre altres motius, les dades ja no siguin necess\u00e0ries per als fins que van ser recollides. En determinades circumst\u00e0ncies, els interessats podran sol\u00b7licitar la limitaci\u00f3 del tractament de les seves dades, cas en qu\u00e8 \u00fanicament les conservarem per a l&#8217;exercici o la defensa de reclamacions.<\/p>\n<p style=\"text-align: justify;\">Per motius relacionats amb la seva situaci\u00f3 particular, els interessats podran oposar-se al tractament de les dades. El Responsable del fitxer deixar\u00e0 de tractar les dades, excepte per motius leg\u00edtims imperiosos, o lexercici o la defensa de possibles reclamacions.<\/p>\n<p style=\"text-align: justify;\">D&#8217;acord amb la legislaci\u00f3 vigent t\u00e9 els drets seg\u00fcents: dret a sol\u00b7licitar l&#8217;acc\u00e9s a les seves dades personals, dret a sol\u00b7licitar-ne la rectificaci\u00f3 o supressi\u00f3, dret a sol\u00b7licitar la limitaci\u00f3 del tractament, dret a oposar-se al tractament, dret a la portabilitat dels dades i aix\u00ed mateix, a revocar el consentiment atorgat. Aix\u00ed mateix, t\u00e9 dret a presentar una reclamaci\u00f3 davant de l&#8217;Ag\u00e8ncia Espanyola de Protecci\u00f3 de Dades.<\/p>\n<h4 style=\"text-align: left;\">6.1. Com exercir els meus drets?<\/h4>\n<p style=\"text-align: justify;\">Per exercir els vostres drets, heu d&#8217;adre\u00e7ar-vos al responsable, sol\u00b7licitant el corresponent formulari per a l&#8217;exercici del dret escollit. Opcionalment, podeu acudir a l&#8217;Autoritat de Control competent per obtenir informaci\u00f3 addicional sobre els vostres drets. Les dades de contacte per a l&#8217;exercici dels vostres drets s\u00f3n el tel\u00e8fon <strong>972 835 636<\/strong> i el correu electr\u00f2nic: <a href=\"mailto:info@caravanning-esguard.com\"><strong>info@caravanning-esguard.com<\/strong><\/a>. Recordeu acompanyar una c\u00f2pia d&#8217;un document que ens permeti identificar-vos.<\/p>\n<h3 style=\"text-align: left;\">7. CONSENTIMENT PER ENVIAMENT DE COMUNICACIONS ELECTR\u00d2NIQUES<\/h3>\n<p style=\"text-align: justify;\">Aix\u00ed mateix, i d&#8217;acord amb all\u00f2 establert a la Llei 34\/2002, d&#8217;11 de juliol, de Serveis de la Societat de la Informaci\u00f3 i del Comer\u00e7 Electr\u00f2nic, completant el formulari de recollida de dades i marcant la corresponent casella \u201cAccepto\u201d est\u00e0 atorgant el consentiment expr\u00e9s per enviar-vos a la vostra adre\u00e7a de correu electr\u00f2nic, tel\u00e8fon, fax o un altre mitj\u00e0 electr\u00f2nic en enviament d&#8217;informaci\u00f3 sobre l&#8217;Empresa.<\/p>","protected":false},"excerpt":{"rendered":"<p>1. DADES DEL RESPONSABLE DEL TRACTAMENT Ra\u00f3 Social:\u00a0SECTOR ESTACI\u00d3 SL\u00a0(d&#8217;ara endavant el \u201cResponsable\u201d). CIF: B17865320 Domicili: C\/ TAULERA N\u00ba 6 &#8211; 17246 &#8211; SANTA CRISTINA D&#8217;ARO &#8211; GIRONA Tel\u00e8fon: 972 835 636 Email per a comunicacions en mat\u00e8ria de Protecci\u00f3 de dades: info@caravanning-esguard.com 1.1. Normativa aplicable La nostra Pol\u00edtica de Privacitat s&#8217;ha dissenyat d&#8217;acord amb<br \/><a class=\"moretag\" href=\"https:\/\/www.caravaning-esguard.com\/en\/politica-de-privacitat\/\">+ Read More<\/a><\/p>","protected":false},"author":1,"featured_media":2734,"parent":0,"menu_order":0,"comment_status":"closed","ping_status":"closed","template":"templates\/page-fullwidth_template.php","meta":{"footnotes":""},"class_list":["post-3","page","type-page","status-publish","has-post-thumbnail","hentry"],"yoast_head":"<!-- This site is optimized with the Yoast SEO plugin v27.5 - https:\/\/yoast.com\/product\/yoast-seo-wordpress\/ -->\n<title>Pol\u00edtica de privacitat - Caravaning Esguard<\/title>\n<meta name=\"robots\" content=\"index, follow, max-snippet:-1, max-image-preview:large, max-video-preview:-1\" \/>\n<link rel=\"canonical\" href=\"https:\/\/www.caravaning-esguard.com\/en\/politica-de-privacitat\/\" \/>\n<meta property=\"og:locale\" content=\"en_GB\" \/>\n<meta property=\"og:type\" content=\"article\" \/>\n<meta property=\"og:title\" content=\"Pol\u00edtica de privacitat - Caravaning Esguard\" \/>\n<meta property=\"og:description\" content=\"1. DADES DEL RESPONSABLE DEL TRACTAMENT Ra\u00f3 Social:\u00a0SECTOR ESTACI\u00d3 SL\u00a0(d&#8217;ara endavant el \u201cResponsable\u201d). CIF: B17865320 Domicili: C\/ TAULERA N\u00ba 6 &#8211; 17246 &#8211; SANTA CRISTINA D&#8217;ARO &#8211; GIRONA Tel\u00e8fon: 972 835 636 Email per a comunicacions en mat\u00e8ria de Protecci\u00f3 de dades: info@caravanning-esguard.com 1.1. Normativa aplicable La nostra Pol\u00edtica de Privacitat s&#8217;ha dissenyat d&#8217;acord amb+ Read More\" \/>\n<meta property=\"og:url\" content=\"https:\/\/www.caravaning-esguard.com\/en\/politica-de-privacitat\/\" \/>\n<meta property=\"og:site_name\" content=\"Caravaning Esguard\" \/>\n<meta property=\"article:publisher\" content=\"https:\/\/www.facebook.com\/caravaningesguard\/\" \/>\n<meta property=\"article:modified_time\" content=\"2026-01-16T10:38:35+00:00\" \/>\n<meta property=\"og:image\" content=\"https:\/\/www.caravaning-esguard.com\/wp-content\/uploads\/2023\/03\/Caravaning-Esguard-Textos-legals-H.jpg\" \/>\n\t<meta property=\"og:image:width\" content=\"1480\" \/>\n\t<meta property=\"og:image:height\" content=\"360\" \/>\n\t<meta property=\"og:image:type\" content=\"image\/jpeg\" \/>\n<meta name=\"twitter:card\" content=\"summary_large_image\" \/>\n<meta name=\"twitter:label1\" content=\"Estimated reading time\" \/>\n\t<meta name=\"twitter:data1\" content=\"5 minutes\" \/>\n<script type=\"application\/ld+json\" class=\"yoast-schema-graph\">{\"@context\":\"https:\\\/\\\/schema.org\",\"@graph\":[{\"@type\":\"WebPage\",\"@id\":\"https:\\\/\\\/www.caravaning-esguard.com\\\/politica-de-privacitat\\\/\",\"url\":\"https:\\\/\\\/www.caravaning-esguard.com\\\/politica-de-privacitat\\\/\",\"name\":\"Pol\u00edtica de privacitat - Caravaning Esguard\",\"isPartOf\":{\"@id\":\"https:\\\/\\\/www.caravaning-esguard.com\\\/#website\"},\"primaryImageOfPage\":{\"@id\":\"https:\\\/\\\/www.caravaning-esguard.com\\\/politica-de-privacitat\\\/#primaryimage\"},\"image\":{\"@id\":\"https:\\\/\\\/www.caravaning-esguard.com\\\/politica-de-privacitat\\\/#primaryimage\"},\"thumbnailUrl\":\"https:\\\/\\\/www.caravaning-esguard.com\\\/wp-content\\\/uploads\\\/2023\\\/03\\\/Caravaning-Esguard-Textos-legals-H.jpg\",\"datePublished\":\"2022-11-03T07:26:59+00:00\",\"dateModified\":\"2026-01-16T10:38:35+00:00\",\"breadcrumb\":{\"@id\":\"https:\\\/\\\/www.caravaning-esguard.com\\\/politica-de-privacitat\\\/#breadcrumb\"},\"inLanguage\":\"en-GB\",\"potentialAction\":[{\"@type\":\"ReadAction\",\"target\":[\"https:\\\/\\\/www.caravaning-esguard.com\\\/politica-de-privacitat\\\/\"]}]},{\"@type\":\"ImageObject\",\"inLanguage\":\"en-GB\",\"@id\":\"https:\\\/\\\/www.caravaning-esguard.com\\\/politica-de-privacitat\\\/#primaryimage\",\"url\":\"https:\\\/\\\/www.caravaning-esguard.com\\\/wp-content\\\/uploads\\\/2023\\\/03\\\/Caravaning-Esguard-Textos-legals-H.jpg\",\"contentUrl\":\"https:\\\/\\\/www.caravaning-esguard.com\\\/wp-content\\\/uploads\\\/2023\\\/03\\\/Caravaning-Esguard-Textos-legals-H.jpg\",\"width\":1480,\"height\":360,\"caption\":\"Caravaning Esguard - Textos legals\"},{\"@type\":\"BreadcrumbList\",\"@id\":\"https:\\\/\\\/www.caravaning-esguard.com\\\/politica-de-privacitat\\\/#breadcrumb\",\"itemListElement\":[{\"@type\":\"ListItem\",\"position\":1,\"name\":\"Home\",\"item\":\"https:\\\/\\\/www.caravaning-esguard.com\\\/\"},{\"@type\":\"ListItem\",\"position\":2,\"name\":\"Pol\u00edtica de privacitat\"}]},{\"@type\":\"WebSite\",\"@id\":\"https:\\\/\\\/www.caravaning-esguard.com\\\/#website\",\"url\":\"https:\\\/\\\/www.caravaning-esguard.com\\\/\",\"name\":\"Caravaning Esguard\",\"description\":\"Santa Cristina d&#039;Aro\",\"publisher\":{\"@id\":\"https:\\\/\\\/www.caravaning-esguard.com\\\/#organization\"},\"potentialAction\":[{\"@type\":\"SearchAction\",\"target\":{\"@type\":\"EntryPoint\",\"urlTemplate\":\"https:\\\/\\\/www.caravaning-esguard.com\\\/?s={search_term_string}\"},\"query-input\":{\"@type\":\"PropertyValueSpecification\",\"valueRequired\":true,\"valueName\":\"search_term_string\"}}],\"inLanguage\":\"en-GB\"},{\"@type\":\"Organization\",\"@id\":\"https:\\\/\\\/www.caravaning-esguard.com\\\/#organization\",\"name\":\"Caravaning Esguard\",\"url\":\"https:\\\/\\\/www.caravaning-esguard.com\\\/\",\"logo\":{\"@type\":\"ImageObject\",\"inLanguage\":\"en-GB\",\"@id\":\"https:\\\/\\\/www.caravaning-esguard.com\\\/#\\\/schema\\\/logo\\\/image\\\/\",\"url\":\"https:\\\/\\\/www.caravaning-esguard.com\\\/wp-content\\\/uploads\\\/2023\\\/09\\\/Caravaning-Esguard-Santa-Cristina-dAro-Logo.png\",\"contentUrl\":\"https:\\\/\\\/www.caravaning-esguard.com\\\/wp-content\\\/uploads\\\/2023\\\/09\\\/Caravaning-Esguard-Santa-Cristina-dAro-Logo.png\",\"width\":228,\"height\":80,\"caption\":\"Caravaning Esguard\"},\"image\":{\"@id\":\"https:\\\/\\\/www.caravaning-esguard.com\\\/#\\\/schema\\\/logo\\\/image\\\/\"},\"sameAs\":[\"https:\\\/\\\/www.facebook.com\\\/caravaningesguard\\\/\",\"https:\\\/\\\/www.instagram.com\\\/caravaningesguard\\\/\"]}]}<\/script>\n<!-- \/ Yoast SEO plugin. -->","yoast_head_json":{"title":"Pol\u00edtica de privacitat - Caravaning Esguard","robots":{"index":"index","follow":"follow","max-snippet":"max-snippet:-1","max-image-preview":"max-image-preview:large","max-video-preview":"max-video-preview:-1"},"canonical":"https:\/\/www.caravaning-esguard.com\/en\/politica-de-privacitat\/","og_locale":"en_GB","og_type":"article","og_title":"Pol\u00edtica de privacitat - Caravaning Esguard","og_description":"1. DADES DEL RESPONSABLE DEL TRACTAMENT Ra\u00f3 Social:\u00a0SECTOR ESTACI\u00d3 SL\u00a0(d&#8217;ara endavant el \u201cResponsable\u201d). CIF: B17865320 Domicili: C\/ TAULERA N\u00ba 6 &#8211; 17246 &#8211; SANTA CRISTINA D&#8217;ARO &#8211; GIRONA Tel\u00e8fon: 972 835 636 Email per a comunicacions en mat\u00e8ria de Protecci\u00f3 de dades: info@caravanning-esguard.com 1.1. Normativa aplicable La nostra Pol\u00edtica de Privacitat s&#8217;ha dissenyat d&#8217;acord amb+ Read More","og_url":"https:\/\/www.caravaning-esguard.com\/en\/politica-de-privacitat\/","og_site_name":"Caravaning Esguard","article_publisher":"https:\/\/www.facebook.com\/caravaningesguard\/","article_modified_time":"2026-01-16T10:38:35+00:00","og_image":[{"width":1480,"height":360,"url":"https:\/\/www.caravaning-esguard.com\/wp-content\/uploads\/2023\/03\/Caravaning-Esguard-Textos-legals-H.jpg","type":"image\/jpeg"}],"twitter_card":"summary_large_image","twitter_misc":{"Estimated reading time":"5 minutes"},"schema":{"@context":"https:\/\/schema.org","@graph":[{"@type":"WebPage","@id":"https:\/\/www.caravaning-esguard.com\/politica-de-privacitat\/","url":"https:\/\/www.caravaning-esguard.com\/politica-de-privacitat\/","name":"Pol\u00edtica de privacitat - Caravaning Esguard","isPartOf":{"@id":"https:\/\/www.caravaning-esguard.com\/#website"},"primaryImageOfPage":{"@id":"https:\/\/www.caravaning-esguard.com\/politica-de-privacitat\/#primaryimage"},"image":{"@id":"https:\/\/www.caravaning-esguard.com\/politica-de-privacitat\/#primaryimage"},"thumbnailUrl":"https:\/\/www.caravaning-esguard.com\/wp-content\/uploads\/2023\/03\/Caravaning-Esguard-Textos-legals-H.jpg","datePublished":"2022-11-03T07:26:59+00:00","dateModified":"2026-01-16T10:38:35+00:00","breadcrumb":{"@id":"https:\/\/www.caravaning-esguard.com\/politica-de-privacitat\/#breadcrumb"},"inLanguage":"en-GB","potentialAction":[{"@type":"ReadAction","target":["https:\/\/www.caravaning-esguard.com\/politica-de-privacitat\/"]}]},{"@type":"ImageObject","inLanguage":"en-GB","@id":"https:\/\/www.caravaning-esguard.com\/politica-de-privacitat\/#primaryimage","url":"https:\/\/www.caravaning-esguard.com\/wp-content\/uploads\/2023\/03\/Caravaning-Esguard-Textos-legals-H.jpg","contentUrl":"https:\/\/www.caravaning-esguard.com\/wp-content\/uploads\/2023\/03\/Caravaning-Esguard-Textos-legals-H.jpg","width":1480,"height":360,"caption":"Caravaning Esguard - Textos legals"},{"@type":"BreadcrumbList","@id":"https:\/\/www.caravaning-esguard.com\/politica-de-privacitat\/#breadcrumb","itemListElement":[{"@type":"ListItem","position":1,"name":"Home","item":"https:\/\/www.caravaning-esguard.com\/"},{"@type":"ListItem","position":2,"name":"Pol\u00edtica de privacitat"}]},{"@type":"WebSite","@id":"https:\/\/www.caravaning-esguard.com\/#website","url":"https:\/\/www.caravaning-esguard.com\/","name":"Caravaning Esguard","description":"Santa Cristina d&#039;Aro","publisher":{"@id":"https:\/\/www.caravaning-esguard.com\/#organization"},"potentialAction":[{"@type":"SearchAction","target":{"@type":"EntryPoint","urlTemplate":"https:\/\/www.caravaning-esguard.com\/?s={search_term_string}"},"query-input":{"@type":"PropertyValueSpecification","valueRequired":true,"valueName":"search_term_string"}}],"inLanguage":"en-GB"},{"@type":"Organization","@id":"https:\/\/www.caravaning-esguard.com\/#organization","name":"Caravaning Esguard","url":"https:\/\/www.caravaning-esguard.com\/","logo":{"@type":"ImageObject","inLanguage":"en-GB","@id":"https:\/\/www.caravaning-esguard.com\/#\/schema\/logo\/image\/","url":"https:\/\/www.caravaning-esguard.com\/wp-content\/uploads\/2023\/09\/Caravaning-Esguard-Santa-Cristina-dAro-Logo.png","contentUrl":"https:\/\/www.caravaning-esguard.com\/wp-content\/uploads\/2023\/09\/Caravaning-Esguard-Santa-Cristina-dAro-Logo.png","width":228,"height":80,"caption":"Caravaning Esguard"},"image":{"@id":"https:\/\/www.caravaning-esguard.com\/#\/schema\/logo\/image\/"},"sameAs":["https:\/\/www.facebook.com\/caravaningesguard\/","https:\/\/www.instagram.com\/caravaningesguard\/"]}]}},"_links":{"self":[{"href":"https:\/\/www.caravaning-esguard.com\/en\/wp-json\/wp\/v2\/pages\/3","targetHints":{"allow":["GET"]}}],"collection":[{"href":"https:\/\/www.caravaning-esguard.com\/en\/wp-json\/wp\/v2\/pages"}],"about":[{"href":"https:\/\/www.caravaning-esguard.com\/en\/wp-json\/wp\/v2\/types\/page"}],"author":[{"embeddable":true,"href":"https:\/\/www.caravaning-esguard.com\/en\/wp-json\/wp\/v2\/users\/1"}],"replies":[{"embeddable":true,"href":"https:\/\/www.caravaning-esguard.com\/en\/wp-json\/wp\/v2\/comments?post=3"}],"version-history":[{"count":0,"href":"https:\/\/www.caravaning-esguard.com\/en\/wp-json\/wp\/v2\/pages\/3\/revisions"}],"wp:featuredmedia":[{"embeddable":true,"href":"https:\/\/www.caravaning-esguard.com\/en\/wp-json\/wp\/v2\/media\/2734"}],"wp:attachment":[{"href":"https:\/\/www.caravaning-esguard.com\/en\/wp-json\/wp\/v2\/media?parent=3"}],"curies":[{"name":"wp","href":"https:\/\/api.w.org\/{rel}","templated":true}]}}