{"id":2659,"date":"2023-02-28T22:45:05","date_gmt":"2023-02-28T21:45:05","guid":{"rendered":"https:\/\/www.caravaning-esguard.com\/?page_id=2659"},"modified":"2026-01-17T09:59:32","modified_gmt":"2026-01-17T08:59:32","slug":"parquing","status":"publish","type":"page","link":"https:\/\/www.caravaning-esguard.com\/fr\/parquing\/","title":{"rendered":"P\u00e0rquing"},"content":{"rendered":"<div data-elementor-type=\"wp-page\" data-elementor-id=\"2659\" class=\"elementor elementor-2659\" data-elementor-post-type=\"page\">\n\t\t\t\t\t\t<section class=\"elementor-section elementor-top-section elementor-element elementor-element-ca2bf55 elementor-section-full_width elementor-section-height-default elementor-section-height-default\" data-id=\"ca2bf55\" data-element_type=\"section\" data-e-type=\"section\">\n\t\t\t\t\t\t<div class=\"elementor-container elementor-column-gap-no\">\n\t\t\t\t\t<div class=\"elementor-column elementor-col-100 elementor-top-column elementor-element elementor-element-4c6efd9\" data-id=\"4c6efd9\" data-element_type=\"column\" data-e-type=\"column\">\n\t\t\t<div class=\"elementor-widget-wrap elementor-element-populated\">\n\t\t\t\t\t\t<div class=\"elementor-element elementor-element-f8705e4 elementor-widget elementor-widget-text-editor\" data-id=\"f8705e4\" data-element_type=\"widget\" data-e-type=\"widget\" data-widget_type=\"text-editor.default\">\n\t\t\t\t\t\t\t\t\t<p class=\"translation-block\">Des de 2005 <strong>Caravaning Esguard<\/strong> s\u2019ha convertit en <strong>el p\u00e0rquing de caravanes i autocaravanes de refer\u00e8ncia a la Costa Brava centre<\/strong>. La proximitat als c\u00e0mpings de la Vall d\u2019Aro, Calonge i Palam\u00f3s sumat a la una professionalitat reconeguda dins del sector ens ha premiat amb la confian\u00e7a dels nostres clients des del primer dia.<\/p><p class=\"translation-block\">La guarda i cust\u00f2dia, una <strong>Vocaci\u00f3 de servei de 365 dies a l\u2019any<\/strong>, on la nostra <strong>Qualitat<\/strong> \u00e9s la <strong>Tranquilitat<\/strong> dels nostres clients, i la <strong>Seguretat<\/strong> de les vostres caravanes i autocaravanes \u00e9s la nostra <strong>Prioritat<\/strong>.<\/p>\t\t\t\t\t\t\t\t<\/div>\n\t\t\t\t\t<\/div>\n\t\t<\/div>\n\t\t\t\t\t<\/div>\n\t\t<\/section>\n\t\t\t\t<section class=\"elementor-section elementor-top-section elementor-element elementor-element-75b765f elementor-section-full_width elementor-section-height-default elementor-section-height-default\" data-id=\"75b765f\" data-element_type=\"section\" data-e-type=\"section\">\n\t\t\t\t\t\t<div class=\"elementor-container elementor-column-gap-no\">\n\t\t\t\t\t<div class=\"elementor-column elementor-col-100 elementor-top-column elementor-element elementor-element-d45c112\" data-id=\"d45c112\" data-element_type=\"column\" data-e-type=\"column\">\n\t\t\t<div class=\"elementor-widget-wrap elementor-element-populated\">\n\t\t\t\t\t\t<div class=\"elementor-element elementor-element-d180b66 elementor-widget elementor-widget-gallery\" data-id=\"d180b66\" data-element_type=\"widget\" data-e-type=\"widget\" data-settings=\"{&quot;gallery_layout&quot;:&quot;justified&quot;,&quot;ideal_row_height&quot;:{&quot;unit&quot;:&quot;px&quot;,&quot;size&quot;:234,&quot;sizes&quot;:[]},&quot;gap&quot;:{&quot;unit&quot;:&quot;px&quot;,&quot;size&quot;:4,&quot;sizes&quot;:[]},&quot;image_hover_animation&quot;:&quot;grow&quot;,&quot;ideal_row_height_tablet&quot;:{&quot;unit&quot;:&quot;px&quot;,&quot;size&quot;:200,&quot;sizes&quot;:[]},&quot;ideal_row_height_mobile&quot;:{&quot;unit&quot;:&quot;px&quot;,&quot;size&quot;:160,&quot;sizes&quot;:[]},&quot;gap_tablet&quot;:{&quot;unit&quot;:&quot;px&quot;,&quot;size&quot;:3,&quot;sizes&quot;:[]},&quot;gap_mobile&quot;:{&quot;unit&quot;:&quot;px&quot;,&quot;size&quot;:3,&quot;sizes&quot;:[]},&quot;lazyload&quot;:&quot;yes&quot;,&quot;link_to&quot;:&quot;file&quot;,&quot;overlay_background&quot;:&quot;yes&quot;,&quot;content_hover_animation&quot;:&quot;fade-in&quot;}\" data-widget_type=\"gallery.default\">\n\t\t\t\t\t\t\t<div class=\"elementor-gallery__container\">\n\t\t\t\t\t\t\t<a class=\"e-gallery-item elementor-gallery-item elementor-animated-content\" href=\"https:\/\/www.caravaning-esguard.com\/wp-content\/uploads\/2023\/05\/Caravaning-Esguard-Santa-Cristina-dAro-Parking-5.jpeg\" data-elementor-open-lightbox=\"yes\" data-elementor-lightbox-slideshow=\"d180b66\" data-elementor-lightbox-title=\"Caravaning Esguard - Santa Cristina d&#039;Aro - P\u00e0rquing caravanes\" data-e-action-hash=\"#elementor-action%3Aaction%3Dlightbox%26settings%3DeyJpZCI6NDQyOCwidXJsIjoiaHR0cHM6XC9cL3d3dy5jYXJhdmFuaW5nLWVzZ3VhcmQuY29tXC93cC1jb250ZW50XC91cGxvYWRzXC8yMDIzXC8wNVwvQ2FyYXZhbmluZy1Fc2d1YXJkLVNhbnRhLUNyaXN0aW5hLWRBcm8tUGFya2luZy01LmpwZWciLCJzbGlkZXNob3ciOiJkMTgwYjY2In0%3D\">\n\t\t\t\t\t<div class=\"e-gallery-image elementor-gallery-item__image\" data-thumbnail=\"https:\/\/www.caravaning-esguard.com\/wp-content\/uploads\/2023\/05\/Caravaning-Esguard-Santa-Cristina-dAro-Parking-5.jpeg\" data-width=\"900\" data-height=\"675\" aria-label=\"Caravaning Esguard - Santa Cristina d&#039;Aro - P\u00e0rquing caravanes\" role=\"img\" ><\/div>\n\t\t\t\t\t\t\t\t\t\t\t<div class=\"elementor-gallery-item__overlay\"><\/div>\n\t\t\t\t\t\t\t\t\t\t\t\t\t\t<\/a>\n\t\t\t\t\t\t\t<a class=\"e-gallery-item elementor-gallery-item elementor-animated-content\" href=\"https:\/\/www.caravaning-esguard.com\/wp-content\/uploads\/2023\/05\/Caravaning-Esguard-Santa-Cristina-dAro-Parking-1.jpeg\" data-elementor-open-lightbox=\"yes\" data-elementor-lightbox-slideshow=\"d180b66\" data-elementor-lightbox-title=\"Caravaning Esguard - Santa Cristina d&#039;Aro - P\u00e0rquing caravanes\" data-e-action-hash=\"#elementor-action%3Aaction%3Dlightbox%26settings%3DeyJpZCI6NDQyNCwidXJsIjoiaHR0cHM6XC9cL3d3dy5jYXJhdmFuaW5nLWVzZ3VhcmQuY29tXC93cC1jb250ZW50XC91cGxvYWRzXC8yMDIzXC8wNVwvQ2FyYXZhbmluZy1Fc2d1YXJkLVNhbnRhLUNyaXN0aW5hLWRBcm8tUGFya2luZy0xLmpwZWciLCJzbGlkZXNob3ciOiJkMTgwYjY2In0%3D\">\n\t\t\t\t\t<div class=\"e-gallery-image elementor-gallery-item__image\" data-thumbnail=\"https:\/\/www.caravaning-esguard.com\/wp-content\/uploads\/2023\/05\/Caravaning-Esguard-Santa-Cristina-dAro-Parking-1.jpeg\" data-width=\"900\" data-height=\"675\" aria-label=\"Caravaning Esguard - Santa Cristina d&#039;Aro - P\u00e0rquing caravanes\" role=\"img\" ><\/div>\n\t\t\t\t\t\t\t\t\t\t\t<div class=\"elementor-gallery-item__overlay\"><\/div>\n\t\t\t\t\t\t\t\t\t\t\t\t\t\t<\/a>\n\t\t\t\t\t\t\t<a class=\"e-gallery-item elementor-gallery-item elementor-animated-content\" href=\"https:\/\/www.caravaning-esguard.com\/wp-content\/uploads\/2023\/05\/Caravaning-Esguard-Santa-Cristina-dAro-Parking-4.jpeg\" data-elementor-open-lightbox=\"yes\" data-elementor-lightbox-slideshow=\"d180b66\" data-elementor-lightbox-title=\"Caravaning Esguard - Santa Cristina d&#039;Aro - P\u00e0rquing caravanes\" data-e-action-hash=\"#elementor-action%3Aaction%3Dlightbox%26settings%3DeyJpZCI6NDQyNywidXJsIjoiaHR0cHM6XC9cL3d3dy5jYXJhdmFuaW5nLWVzZ3VhcmQuY29tXC93cC1jb250ZW50XC91cGxvYWRzXC8yMDIzXC8wNVwvQ2FyYXZhbmluZy1Fc2d1YXJkLVNhbnRhLUNyaXN0aW5hLWRBcm8tUGFya2luZy00LmpwZWciLCJzbGlkZXNob3ciOiJkMTgwYjY2In0%3D\">\n\t\t\t\t\t<div class=\"e-gallery-image elementor-gallery-item__image\" data-thumbnail=\"https:\/\/www.caravaning-esguard.com\/wp-content\/uploads\/2023\/05\/Caravaning-Esguard-Santa-Cristina-dAro-Parking-4.jpeg\" data-width=\"900\" data-height=\"675\" aria-label=\"Caravaning Esguard - Santa Cristina d&#039;Aro - P\u00e0rquing caravanes\" role=\"img\" ><\/div>\n\t\t\t\t\t\t\t\t\t\t\t<div class=\"elementor-gallery-item__overlay\"><\/div>\n\t\t\t\t\t\t\t\t\t\t\t\t\t\t<\/a>\n\t\t\t\t\t\t\t<a class=\"e-gallery-item elementor-gallery-item elementor-animated-content\" href=\"https:\/\/www.caravaning-esguard.com\/wp-content\/uploads\/2023\/05\/Caravaning-Esguard-Santa-Cristina-dAro-Parking-6.jpeg\" data-elementor-open-lightbox=\"yes\" data-elementor-lightbox-slideshow=\"d180b66\" data-elementor-lightbox-title=\"Caravaning Esguard - Santa Cristina d&#039;Aro - P\u00e0rquing caravanes\" data-e-action-hash=\"#elementor-action%3Aaction%3Dlightbox%26settings%3DeyJpZCI6NDQyOSwidXJsIjoiaHR0cHM6XC9cL3d3dy5jYXJhdmFuaW5nLWVzZ3VhcmQuY29tXC93cC1jb250ZW50XC91cGxvYWRzXC8yMDIzXC8wNVwvQ2FyYXZhbmluZy1Fc2d1YXJkLVNhbnRhLUNyaXN0aW5hLWRBcm8tUGFya2luZy02LmpwZWciLCJzbGlkZXNob3ciOiJkMTgwYjY2In0%3D\">\n\t\t\t\t\t<div class=\"e-gallery-image elementor-gallery-item__image\" data-thumbnail=\"https:\/\/www.caravaning-esguard.com\/wp-content\/uploads\/2023\/05\/Caravaning-Esguard-Santa-Cristina-dAro-Parking-6.jpeg\" data-width=\"900\" data-height=\"1200\" aria-label=\"Caravaning Esguard - Santa Cristina d&#039;Aro - P\u00e0rquing caravanes\" role=\"img\" ><\/div>\n\t\t\t\t\t\t\t\t\t\t\t<div class=\"elementor-gallery-item__overlay\"><\/div>\n\t\t\t\t\t\t\t\t\t\t\t\t\t\t<\/a>\n\t\t\t\t\t\t\t<a class=\"e-gallery-item elementor-gallery-item elementor-animated-content\" href=\"https:\/\/www.caravaning-esguard.com\/wp-content\/uploads\/2023\/05\/Caravaning-Esguard-Santa-Cristina-dAro-Parking-2.jpeg\" data-elementor-open-lightbox=\"yes\" data-elementor-lightbox-slideshow=\"d180b66\" data-elementor-lightbox-title=\"Caravaning Esguard - Santa Cristina d&#039;Aro - P\u00e0rquing caravanes\" data-e-action-hash=\"#elementor-action%3Aaction%3Dlightbox%26settings%3DeyJpZCI6NDQyNSwidXJsIjoiaHR0cHM6XC9cL3d3dy5jYXJhdmFuaW5nLWVzZ3VhcmQuY29tXC93cC1jb250ZW50XC91cGxvYWRzXC8yMDIzXC8wNVwvQ2FyYXZhbmluZy1Fc2d1YXJkLVNhbnRhLUNyaXN0aW5hLWRBcm8tUGFya2luZy0yLmpwZWciLCJzbGlkZXNob3ciOiJkMTgwYjY2In0%3D\">\n\t\t\t\t\t<div class=\"e-gallery-image elementor-gallery-item__image\" data-thumbnail=\"https:\/\/www.caravaning-esguard.com\/wp-content\/uploads\/2023\/05\/Caravaning-Esguard-Santa-Cristina-dAro-Parking-2.jpeg\" data-width=\"900\" data-height=\"675\" aria-label=\"Caravaning Esguard - Santa Cristina d&#039;Aro - P\u00e0rquing caravanes\" role=\"img\" ><\/div>\n\t\t\t\t\t\t\t\t\t\t\t<div class=\"elementor-gallery-item__overlay\"><\/div>\n\t\t\t\t\t\t\t\t\t\t\t\t\t\t<\/a>\n\t\t\t\t\t\t\t<a class=\"e-gallery-item elementor-gallery-item elementor-animated-content\" href=\"https:\/\/www.caravaning-esguard.com\/wp-content\/uploads\/2023\/05\/Caravaning-Esguard-Santa-Cristina-dAro-Parking-3.jpeg\" data-elementor-open-lightbox=\"yes\" data-elementor-lightbox-slideshow=\"d180b66\" data-elementor-lightbox-title=\"Caravaning Esguard - Santa Cristina d&#039;Aro - P\u00e0rquing caravanes\" data-e-action-hash=\"#elementor-action%3Aaction%3Dlightbox%26settings%3DeyJpZCI6NDQyNiwidXJsIjoiaHR0cHM6XC9cL3d3dy5jYXJhdmFuaW5nLWVzZ3VhcmQuY29tXC93cC1jb250ZW50XC91cGxvYWRzXC8yMDIzXC8wNVwvQ2FyYXZhbmluZy1Fc2d1YXJkLVNhbnRhLUNyaXN0aW5hLWRBcm8tUGFya2luZy0zLmpwZWciLCJzbGlkZXNob3ciOiJkMTgwYjY2In0%3D\">\n\t\t\t\t\t<div class=\"e-gallery-image elementor-gallery-item__image\" data-thumbnail=\"https:\/\/www.caravaning-esguard.com\/wp-content\/uploads\/2023\/05\/Caravaning-Esguard-Santa-Cristina-dAro-Parking-3.jpeg\" data-width=\"900\" data-height=\"542\" aria-label=\"Caravaning Esguard - Santa Cristina d&#039;Aro - P\u00e0rquing caravanes\" role=\"img\" ><\/div>\n\t\t\t\t\t\t\t\t\t\t\t<div class=\"elementor-gallery-item__overlay\"><\/div>\n\t\t\t\t\t\t\t\t\t\t\t\t\t\t<\/a>\n\t\t\t\t\t\t\t<a class=\"e-gallery-item elementor-gallery-item elementor-animated-content\" href=\"https:\/\/www.caravaning-esguard.com\/wp-content\/uploads\/2023\/05\/Caravaning-Esguard-Santa-Cristina-dAro-Parking-8.jpeg\" data-elementor-open-lightbox=\"yes\" data-elementor-lightbox-slideshow=\"d180b66\" data-elementor-lightbox-title=\"Caravaning Esguard - Santa Cristina d&#039;Aro - P\u00e0rquing caravanes\" data-e-action-hash=\"#elementor-action%3Aaction%3Dlightbox%26settings%3DeyJpZCI6NDQzMSwidXJsIjoiaHR0cHM6XC9cL3d3dy5jYXJhdmFuaW5nLWVzZ3VhcmQuY29tXC93cC1jb250ZW50XC91cGxvYWRzXC8yMDIzXC8wNVwvQ2FyYXZhbmluZy1Fc2d1YXJkLVNhbnRhLUNyaXN0aW5hLWRBcm8tUGFya2luZy04LmpwZWciLCJzbGlkZXNob3ciOiJkMTgwYjY2In0%3D\">\n\t\t\t\t\t<div class=\"e-gallery-image elementor-gallery-item__image\" data-thumbnail=\"https:\/\/www.caravaning-esguard.com\/wp-content\/uploads\/2023\/05\/Caravaning-Esguard-Santa-Cristina-dAro-Parking-8.jpeg\" data-width=\"900\" data-height=\"675\" aria-label=\"Caravaning Esguard - Santa Cristina d&#039;Aro - P\u00e0rquing caravanes\" role=\"img\" ><\/div>\n\t\t\t\t\t\t\t\t\t\t\t<div class=\"elementor-gallery-item__overlay\"><\/div>\n\t\t\t\t\t\t\t\t\t\t\t\t\t\t<\/a>\n\t\t\t\t\t\t\t<a class=\"e-gallery-item elementor-gallery-item elementor-animated-content\" href=\"https:\/\/www.caravaning-esguard.com\/wp-content\/uploads\/2023\/05\/Caravaning-Esguard-Santa-Cristina-dAro-Parking-7.jpeg\" data-elementor-open-lightbox=\"yes\" data-elementor-lightbox-slideshow=\"d180b66\" data-elementor-lightbox-title=\"Caravaning Esguard - Santa Cristina d&#039;Aro - P\u00e0rquing caravanes\" data-e-action-hash=\"#elementor-action%3Aaction%3Dlightbox%26settings%3DeyJpZCI6NDQzMCwidXJsIjoiaHR0cHM6XC9cL3d3dy5jYXJhdmFuaW5nLWVzZ3VhcmQuY29tXC93cC1jb250ZW50XC91cGxvYWRzXC8yMDIzXC8wNVwvQ2FyYXZhbmluZy1Fc2d1YXJkLVNhbnRhLUNyaXN0aW5hLWRBcm8tUGFya2luZy03LmpwZWciLCJzbGlkZXNob3ciOiJkMTgwYjY2In0%3D\">\n\t\t\t\t\t<div class=\"e-gallery-image elementor-gallery-item__image\" data-thumbnail=\"https:\/\/www.caravaning-esguard.com\/wp-content\/uploads\/2023\/05\/Caravaning-Esguard-Santa-Cristina-dAro-Parking-7.jpeg\" data-width=\"900\" data-height=\"675\" aria-label=\"Caravaning Esguard - Santa Cristina d&#039;Aro - P\u00e0rquing caravanes\" role=\"img\" ><\/div>\n\t\t\t\t\t\t\t\t\t\t\t<div class=\"elementor-gallery-item__overlay\"><\/div>\n\t\t\t\t\t\t\t\t\t\t\t\t\t\t<\/a>\n\t\t\t\t\t<\/div>\n\t\t\t\t\t<\/div>\n\t\t\t\t\t<\/div>\n\t\t<\/div>\n\t\t\t\t\t<\/div>\n\t\t<\/section>\n\t\t\t\t<\/div>","protected":false},"excerpt":{"rendered":"<p>Des de 2005 Caravaning Esguard s\u2019ha convertit en el p\u00e0rquing de caravanes i autocaravanes de refer\u00e8ncia a la Costa Brava centre. La proximitat als c\u00e0mpings de la Vall d\u2019Aro, Calonge i Palam\u00f3s sumat a la una professionalitat reconeguda dins del sector ens ha premiat amb la confian\u00e7a dels nostres clients des del primer dia. La<br \/><a class=\"moretag\" href=\"https:\/\/www.caravaning-esguard.com\/fr\/parquing\/\">+ Read More<\/a><\/p>","protected":false},"author":1,"featured_media":2757,"parent":0,"menu_order":0,"comment_status":"closed","ping_status":"closed","template":"templates\/page-fullwidth_template.php","meta":{"footnotes":""},"class_list":["post-2659","page","type-page","status-publish","has-post-thumbnail","hentry"],"yoast_head":"<!-- This site is optimized with the Yoast SEO plugin v27.5 - https:\/\/yoast.com\/product\/yoast-seo-wordpress\/ -->\n<title>P\u00e0rquing - Caravaning Esguard<\/title>\n<meta name=\"robots\" content=\"index, follow, max-snippet:-1, max-image-preview:large, max-video-preview:-1\" \/>\n<link rel=\"canonical\" href=\"https:\/\/www.caravaning-esguard.com\/fr\/parquing\/\" \/>\n<meta property=\"og:locale\" content=\"fr_FR\" \/>\n<meta property=\"og:type\" content=\"article\" \/>\n<meta property=\"og:title\" content=\"P\u00e0rquing - Caravaning Esguard\" \/>\n<meta property=\"og:description\" content=\"Des de 2005 Caravaning Esguard s\u2019ha convertit en el p\u00e0rquing de caravanes i autocaravanes de refer\u00e8ncia a la Costa Brava centre. La proximitat als c\u00e0mpings de la Vall d\u2019Aro, Calonge i Palam\u00f3s sumat a la una professionalitat reconeguda dins del sector ens ha premiat amb la confian\u00e7a dels nostres clients des del primer dia. La+ Read More\" \/>\n<meta property=\"og:url\" content=\"https:\/\/www.caravaning-esguard.com\/fr\/parquing\/\" \/>\n<meta property=\"og:site_name\" content=\"Caravaning Esguard\" \/>\n<meta property=\"article:publisher\" content=\"https:\/\/www.facebook.com\/caravaningesguard\/\" \/>\n<meta property=\"article:modified_time\" content=\"2026-01-17T08:59:32+00:00\" \/>\n<meta property=\"og:image\" content=\"https:\/\/www.caravaning-esguard.com\/wp-content\/uploads\/2023\/03\/Caravaning-Esguard-Parquing-H.jpg\" \/>\n\t<meta property=\"og:image:width\" content=\"1480\" \/>\n\t<meta property=\"og:image:height\" content=\"360\" \/>\n\t<meta property=\"og:image:type\" content=\"image\/jpeg\" \/>\n<meta name=\"twitter:card\" content=\"summary_large_image\" \/>\n<script type=\"application\/ld+json\" class=\"yoast-schema-graph\">{\"@context\":\"https:\\\/\\\/schema.org\",\"@graph\":[{\"@type\":\"WebPage\",\"@id\":\"https:\\\/\\\/www.caravaning-esguard.com\\\/parquing\\\/\",\"url\":\"https:\\\/\\\/www.caravaning-esguard.com\\\/parquing\\\/\",\"name\":\"P\u00e0rquing - Caravaning Esguard\",\"isPartOf\":{\"@id\":\"https:\\\/\\\/www.caravaning-esguard.com\\\/#website\"},\"primaryImageOfPage\":{\"@id\":\"https:\\\/\\\/www.caravaning-esguard.com\\\/parquing\\\/#primaryimage\"},\"image\":{\"@id\":\"https:\\\/\\\/www.caravaning-esguard.com\\\/parquing\\\/#primaryimage\"},\"thumbnailUrl\":\"https:\\\/\\\/www.caravaning-esguard.com\\\/wp-content\\\/uploads\\\/2023\\\/03\\\/Caravaning-Esguard-Parquing-H.jpg\",\"datePublished\":\"2023-02-28T21:45:05+00:00\",\"dateModified\":\"2026-01-17T08:59:32+00:00\",\"breadcrumb\":{\"@id\":\"https:\\\/\\\/www.caravaning-esguard.com\\\/parquing\\\/#breadcrumb\"},\"inLanguage\":\"fr-FR\",\"potentialAction\":[{\"@type\":\"ReadAction\",\"target\":[\"https:\\\/\\\/www.caravaning-esguard.com\\\/parquing\\\/\"]}]},{\"@type\":\"ImageObject\",\"inLanguage\":\"fr-FR\",\"@id\":\"https:\\\/\\\/www.caravaning-esguard.com\\\/parquing\\\/#primaryimage\",\"url\":\"https:\\\/\\\/www.caravaning-esguard.com\\\/wp-content\\\/uploads\\\/2023\\\/03\\\/Caravaning-Esguard-Parquing-H.jpg\",\"contentUrl\":\"https:\\\/\\\/www.caravaning-esguard.com\\\/wp-content\\\/uploads\\\/2023\\\/03\\\/Caravaning-Esguard-Parquing-H.jpg\",\"width\":1480,\"height\":360,\"caption\":\"Caravaning Esguard - P\u00e0rquing\"},{\"@type\":\"BreadcrumbList\",\"@id\":\"https:\\\/\\\/www.caravaning-esguard.com\\\/parquing\\\/#breadcrumb\",\"itemListElement\":[{\"@type\":\"ListItem\",\"position\":1,\"name\":\"Home\",\"item\":\"https:\\\/\\\/www.caravaning-esguard.com\\\/\"},{\"@type\":\"ListItem\",\"position\":2,\"name\":\"P\u00e0rquing\"}]},{\"@type\":\"WebSite\",\"@id\":\"https:\\\/\\\/www.caravaning-esguard.com\\\/#website\",\"url\":\"https:\\\/\\\/www.caravaning-esguard.com\\\/\",\"name\":\"Caravaning Esguard\",\"description\":\"Santa Cristina d&#039;Aro\",\"publisher\":{\"@id\":\"https:\\\/\\\/www.caravaning-esguard.com\\\/#organization\"},\"potentialAction\":[{\"@type\":\"SearchAction\",\"target\":{\"@type\":\"EntryPoint\",\"urlTemplate\":\"https:\\\/\\\/www.caravaning-esguard.com\\\/?s={search_term_string}\"},\"query-input\":{\"@type\":\"PropertyValueSpecification\",\"valueRequired\":true,\"valueName\":\"search_term_string\"}}],\"inLanguage\":\"fr-FR\"},{\"@type\":\"Organization\",\"@id\":\"https:\\\/\\\/www.caravaning-esguard.com\\\/#organization\",\"name\":\"Caravaning Esguard\",\"url\":\"https:\\\/\\\/www.caravaning-esguard.com\\\/\",\"logo\":{\"@type\":\"ImageObject\",\"inLanguage\":\"fr-FR\",\"@id\":\"https:\\\/\\\/www.caravaning-esguard.com\\\/#\\\/schema\\\/logo\\\/image\\\/\",\"url\":\"https:\\\/\\\/www.caravaning-esguard.com\\\/wp-content\\\/uploads\\\/2023\\\/09\\\/Caravaning-Esguard-Santa-Cristina-dAro-Logo.png\",\"contentUrl\":\"https:\\\/\\\/www.caravaning-esguard.com\\\/wp-content\\\/uploads\\\/2023\\\/09\\\/Caravaning-Esguard-Santa-Cristina-dAro-Logo.png\",\"width\":228,\"height\":80,\"caption\":\"Caravaning Esguard\"},\"image\":{\"@id\":\"https:\\\/\\\/www.caravaning-esguard.com\\\/#\\\/schema\\\/logo\\\/image\\\/\"},\"sameAs\":[\"https:\\\/\\\/www.facebook.com\\\/caravaningesguard\\\/\",\"https:\\\/\\\/www.instagram.com\\\/caravaningesguard\\\/\"]}]}<\/script>\n<!-- \/ Yoast SEO plugin. -->","yoast_head_json":{"title":"P\u00e0rquing - Caravaning Esguard","robots":{"index":"index","follow":"follow","max-snippet":"max-snippet:-1","max-image-preview":"max-image-preview:large","max-video-preview":"max-video-preview:-1"},"canonical":"https:\/\/www.caravaning-esguard.com\/fr\/parquing\/","og_locale":"fr_FR","og_type":"article","og_title":"P\u00e0rquing - Caravaning Esguard","og_description":"Des de 2005 Caravaning Esguard s\u2019ha convertit en el p\u00e0rquing de caravanes i autocaravanes de refer\u00e8ncia a la Costa Brava centre. La proximitat als c\u00e0mpings de la Vall d\u2019Aro, Calonge i Palam\u00f3s sumat a la una professionalitat reconeguda dins del sector ens ha premiat amb la confian\u00e7a dels nostres clients des del primer dia. La+ Read More","og_url":"https:\/\/www.caravaning-esguard.com\/fr\/parquing\/","og_site_name":"Caravaning Esguard","article_publisher":"https:\/\/www.facebook.com\/caravaningesguard\/","article_modified_time":"2026-01-17T08:59:32+00:00","og_image":[{"width":1480,"height":360,"url":"https:\/\/www.caravaning-esguard.com\/wp-content\/uploads\/2023\/03\/Caravaning-Esguard-Parquing-H.jpg","type":"image\/jpeg"}],"twitter_card":"summary_large_image","schema":{"@context":"https:\/\/schema.org","@graph":[{"@type":"WebPage","@id":"https:\/\/www.caravaning-esguard.com\/parquing\/","url":"https:\/\/www.caravaning-esguard.com\/parquing\/","name":"P\u00e0rquing - Caravaning Esguard","isPartOf":{"@id":"https:\/\/www.caravaning-esguard.com\/#website"},"primaryImageOfPage":{"@id":"https:\/\/www.caravaning-esguard.com\/parquing\/#primaryimage"},"image":{"@id":"https:\/\/www.caravaning-esguard.com\/parquing\/#primaryimage"},"thumbnailUrl":"https:\/\/www.caravaning-esguard.com\/wp-content\/uploads\/2023\/03\/Caravaning-Esguard-Parquing-H.jpg","datePublished":"2023-02-28T21:45:05+00:00","dateModified":"2026-01-17T08:59:32+00:00","breadcrumb":{"@id":"https:\/\/www.caravaning-esguard.com\/parquing\/#breadcrumb"},"inLanguage":"fr-FR","potentialAction":[{"@type":"ReadAction","target":["https:\/\/www.caravaning-esguard.com\/parquing\/"]}]},{"@type":"ImageObject","inLanguage":"fr-FR","@id":"https:\/\/www.caravaning-esguard.com\/parquing\/#primaryimage","url":"https:\/\/www.caravaning-esguard.com\/wp-content\/uploads\/2023\/03\/Caravaning-Esguard-Parquing-H.jpg","contentUrl":"https:\/\/www.caravaning-esguard.com\/wp-content\/uploads\/2023\/03\/Caravaning-Esguard-Parquing-H.jpg","width":1480,"height":360,"caption":"Caravaning Esguard - P\u00e0rquing"},{"@type":"BreadcrumbList","@id":"https:\/\/www.caravaning-esguard.com\/parquing\/#breadcrumb","itemListElement":[{"@type":"ListItem","position":1,"name":"Home","item":"https:\/\/www.caravaning-esguard.com\/"},{"@type":"ListItem","position":2,"name":"P\u00e0rquing"}]},{"@type":"WebSite","@id":"https:\/\/www.caravaning-esguard.com\/#website","url":"https:\/\/www.caravaning-esguard.com\/","name":"Caravaning Esguard","description":"Santa Cristina d&#039;Aro","publisher":{"@id":"https:\/\/www.caravaning-esguard.com\/#organization"},"potentialAction":[{"@type":"SearchAction","target":{"@type":"EntryPoint","urlTemplate":"https:\/\/www.caravaning-esguard.com\/?s={search_term_string}"},"query-input":{"@type":"PropertyValueSpecification","valueRequired":true,"valueName":"search_term_string"}}],"inLanguage":"fr-FR"},{"@type":"Organization","@id":"https:\/\/www.caravaning-esguard.com\/#organization","name":"Caravaning Esguard","url":"https:\/\/www.caravaning-esguard.com\/","logo":{"@type":"ImageObject","inLanguage":"fr-FR","@id":"https:\/\/www.caravaning-esguard.com\/#\/schema\/logo\/image\/","url":"https:\/\/www.caravaning-esguard.com\/wp-content\/uploads\/2023\/09\/Caravaning-Esguard-Santa-Cristina-dAro-Logo.png","contentUrl":"https:\/\/www.caravaning-esguard.com\/wp-content\/uploads\/2023\/09\/Caravaning-Esguard-Santa-Cristina-dAro-Logo.png","width":228,"height":80,"caption":"Caravaning Esguard"},"image":{"@id":"https:\/\/www.caravaning-esguard.com\/#\/schema\/logo\/image\/"},"sameAs":["https:\/\/www.facebook.com\/caravaningesguard\/","https:\/\/www.instagram.com\/caravaningesguard\/"]}]}},"_links":{"self":[{"href":"https:\/\/www.caravaning-esguard.com\/fr\/wp-json\/wp\/v2\/pages\/2659","targetHints":{"allow":["GET"]}}],"collection":[{"href":"https:\/\/www.caravaning-esguard.com\/fr\/wp-json\/wp\/v2\/pages"}],"about":[{"href":"https:\/\/www.caravaning-esguard.com\/fr\/wp-json\/wp\/v2\/types\/page"}],"author":[{"embeddable":true,"href":"https:\/\/www.caravaning-esguard.com\/fr\/wp-json\/wp\/v2\/users\/1"}],"replies":[{"embeddable":true,"href":"https:\/\/www.caravaning-esguard.com\/fr\/wp-json\/wp\/v2\/comments?post=2659"}],"version-history":[{"count":0,"href":"https:\/\/www.caravaning-esguard.com\/fr\/wp-json\/wp\/v2\/pages\/2659\/revisions"}],"wp:featuredmedia":[{"embeddable":true,"href":"https:\/\/www.caravaning-esguard.com\/fr\/wp-json\/wp\/v2\/media\/2757"}],"wp:attachment":[{"href":"https:\/\/www.caravaning-esguard.com\/fr\/wp-json\/wp\/v2\/media?parent=2659"}],"curies":[{"name":"wp","href":"https:\/\/api.w.org\/{rel}","templated":true}]}}