{"id":2663,"date":"2023-02-28T22:46:05","date_gmt":"2023-02-28T21:46:05","guid":{"rendered":"https:\/\/www.caravaning-esguard.com\/?page_id=2663"},"modified":"2026-01-17T10:00:29","modified_gmt":"2026-01-17T09:00:29","slug":"qui-som","status":"publish","type":"page","link":"https:\/\/www.caravaning-esguard.com\/fr\/qui-som\/","title":{"rendered":"Qui som"},"content":{"rendered":"<p style=\"text-align: justify;\" class=\"translation-block\"><strong>P\u00e0rquing Caravaning Esguard<\/strong> \u00e9s una empresa familiar que neix a <strong>Santa Cristina d\u2019Aro<\/strong> el juliol de 2005 amb la vocaci\u00f3 d\u2019oferir servei d\u2019aparcament, guarda i cust\u00f2dia a caravanes, autocaravanes i tot tipus de remolcs, aix\u00ed com els serveis m\u00e9s b\u00e0sics, com la neteja exterior, petites reparacions o el transport de les caravanes als respectius c\u00e0mpings.<\/p>\n<p>Ben aviat, i davant la demanda dels nostres clients, es va fer indispensable ampliar l\u2019oferta de serveis.\u00a0 Amb l\u2019assessorament dels distribu\u00efdors m\u00e9s importants del nostre pa\u00eds i les marques m\u00e9s reconegudes, podem oferir als nostres clients els millors productes i accessoris per al c\u00e0mping i el Caravaning, aix\u00ed com una amplia gamma de recanvis de primera qualitat per a les seves caravanes, autocaravanes o remolcs.<\/p>\n<p><img fetchpriority=\"high\" decoding=\"async\" class=\"aligncenter wp-image-3827 size-full\" src=\"https:\/\/www.caravaning-esguard.com\/wp-content\/uploads\/2023\/04\/Caravaning-Esguard-Qui-Som-01.jpg\" alt=\"\" width=\"960\" height=\"439\" srcset=\"https:\/\/www.caravaning-esguard.com\/wp-content\/uploads\/2023\/04\/Caravaning-Esguard-Qui-Som-01.jpg 960w, https:\/\/www.caravaning-esguard.com\/wp-content\/uploads\/2023\/04\/Caravaning-Esguard-Qui-Som-01-300x137.jpg 300w, https:\/\/www.caravaning-esguard.com\/wp-content\/uploads\/2023\/04\/Caravaning-Esguard-Qui-Som-01-768x351.jpg 768w\" sizes=\"(max-width: 960px) 100vw, 960px\" \/><\/p>\n<h3 class=\"translation-block\">Disposem tamb\u00e9 d\u2019<strong>exposici\u00f3 per a caravanes de segona m\u00e0<\/strong><br>\r\nUna manera m\u00e9s d\u2019oferir un servei integral al client<\/h3>\n<p style=\"text-align: justify;\" class=\"translation-block\">El 2007, v\u00e0rem encetar una nova aventura, obrint durant la temporada d\u2019estiu la botiga&nbsp; \u201c<strong>Accessorys C\u00e0mping<\/strong>\u201d&nbsp; a <strong>Platja d\u2019Aro<\/strong>, oferint al cor de la Costa Brava els millors productes i els millors preus, i un servei&nbsp; proper i de qualitat.<\/p>\n<p style=\"text-align: justify;\">Temporada rere temporada hem anat creixent amb els nostres clients i la confian\u00e7a que sempre\u00a0 han dipositat en nosaltres, i \u00e9s per aquesta confian\u00e7a que continuem treballant per millorar els nostres serveis i oferir un entorn de qualitat per a les vostres vacances.<\/p>\n<p><img decoding=\"async\" class=\"aligncenter wp-image-5592 size-full\" src=\"https:\/\/www.caravaning-esguard.com\/wp-content\/uploads\/2023\/11\/Caravaning-Esguard-Qui-Som-02.jpg\" alt=\"\" width=\"960\" height=\"500\" srcset=\"https:\/\/www.caravaning-esguard.com\/wp-content\/uploads\/2023\/11\/Caravaning-Esguard-Qui-Som-02.jpg 960w, https:\/\/www.caravaning-esguard.com\/wp-content\/uploads\/2023\/11\/Caravaning-Esguard-Qui-Som-02-300x156.jpg 300w, https:\/\/www.caravaning-esguard.com\/wp-content\/uploads\/2023\/11\/Caravaning-Esguard-Qui-Som-02-768x400.jpg 768w\" sizes=\"(max-width: 960px) 100vw, 960px\" \/><\/p>","protected":false},"excerpt":{"rendered":"<p>P\u00e0rquing Caravaning Esguard \u00e9s una empresa familiar que neix a Santa Cristina d\u2019Aro el juliol de 2005 amb la vocaci\u00f3 d\u2019oferir servei d\u2019aparcament, guarda i cust\u00f2dia a caravanes, autocaravanes i tot tipus de remolcs, aix\u00ed com els serveis m\u00e9s b\u00e0sics, com la neteja exterior, petites reparacions o el transport de les caravanes als respectius c\u00e0mpings.<br \/><a class=\"moretag\" href=\"https:\/\/www.caravaning-esguard.com\/fr\/qui-som\/\">+ Read More<\/a><\/p>","protected":false},"author":1,"featured_media":5590,"parent":0,"menu_order":0,"comment_status":"closed","ping_status":"closed","template":"templates\/page-fullwidth_template.php","meta":{"footnotes":""},"class_list":["post-2663","page","type-page","status-publish","has-post-thumbnail","hentry"],"yoast_head":"<!-- This site is optimized with the Yoast SEO plugin v27.5 - https:\/\/yoast.com\/product\/yoast-seo-wordpress\/ -->\n<title>Qui som - Caravaning Esguard<\/title>\n<meta name=\"robots\" content=\"index, follow, max-snippet:-1, max-image-preview:large, max-video-preview:-1\" \/>\n<link rel=\"canonical\" href=\"https:\/\/www.caravaning-esguard.com\/fr\/qui-som\/\" \/>\n<meta property=\"og:locale\" content=\"fr_FR\" \/>\n<meta property=\"og:type\" content=\"article\" \/>\n<meta property=\"og:title\" content=\"Qui som - Caravaning Esguard\" \/>\n<meta property=\"og:description\" content=\"P\u00e0rquing Caravaning Esguard \u00e9s una empresa familiar que neix a Santa Cristina d\u2019Aro el juliol de 2005 amb la vocaci\u00f3 d\u2019oferir servei d\u2019aparcament, guarda i cust\u00f2dia a caravanes, autocaravanes i tot tipus de remolcs, aix\u00ed com els serveis m\u00e9s b\u00e0sics, com la neteja exterior, petites reparacions o el transport de les caravanes als respectius c\u00e0mpings.+ Read More\" \/>\n<meta property=\"og:url\" content=\"https:\/\/www.caravaning-esguard.com\/fr\/qui-som\/\" \/>\n<meta property=\"og:site_name\" content=\"Caravaning Esguard\" \/>\n<meta property=\"article:publisher\" content=\"https:\/\/www.facebook.com\/caravaningesguard\/\" \/>\n<meta property=\"article:modified_time\" content=\"2026-01-17T09:00:29+00:00\" \/>\n<meta property=\"og:image\" content=\"https:\/\/www.caravaning-esguard.com\/wp-content\/uploads\/2023\/11\/Caravaning-Esguard-Qui-som-H.jpg\" \/>\n\t<meta property=\"og:image:width\" content=\"1480\" \/>\n\t<meta property=\"og:image:height\" content=\"360\" \/>\n\t<meta property=\"og:image:type\" content=\"image\/jpeg\" \/>\n<meta name=\"twitter:card\" content=\"summary_large_image\" \/>\n<meta name=\"twitter:label1\" content=\"Dur\u00e9e de lecture estim\u00e9e\" \/>\n\t<meta name=\"twitter:data1\" content=\"1 minute\" \/>\n<script type=\"application\/ld+json\" class=\"yoast-schema-graph\">{\"@context\":\"https:\\\/\\\/schema.org\",\"@graph\":[{\"@type\":\"WebPage\",\"@id\":\"https:\\\/\\\/www.caravaning-esguard.com\\\/qui-som\\\/\",\"url\":\"https:\\\/\\\/www.caravaning-esguard.com\\\/qui-som\\\/\",\"name\":\"Qui som - Caravaning Esguard\",\"isPartOf\":{\"@id\":\"https:\\\/\\\/www.caravaning-esguard.com\\\/#website\"},\"primaryImageOfPage\":{\"@id\":\"https:\\\/\\\/www.caravaning-esguard.com\\\/qui-som\\\/#primaryimage\"},\"image\":{\"@id\":\"https:\\\/\\\/www.caravaning-esguard.com\\\/qui-som\\\/#primaryimage\"},\"thumbnailUrl\":\"https:\\\/\\\/www.caravaning-esguard.com\\\/wp-content\\\/uploads\\\/2023\\\/11\\\/Caravaning-Esguard-Qui-som-H.jpg\",\"datePublished\":\"2023-02-28T21:46:05+00:00\",\"dateModified\":\"2026-01-17T09:00:29+00:00\",\"breadcrumb\":{\"@id\":\"https:\\\/\\\/www.caravaning-esguard.com\\\/qui-som\\\/#breadcrumb\"},\"inLanguage\":\"fr-FR\",\"potentialAction\":[{\"@type\":\"ReadAction\",\"target\":[\"https:\\\/\\\/www.caravaning-esguard.com\\\/qui-som\\\/\"]}]},{\"@type\":\"ImageObject\",\"inLanguage\":\"fr-FR\",\"@id\":\"https:\\\/\\\/www.caravaning-esguard.com\\\/qui-som\\\/#primaryimage\",\"url\":\"https:\\\/\\\/www.caravaning-esguard.com\\\/wp-content\\\/uploads\\\/2023\\\/11\\\/Caravaning-Esguard-Qui-som-H.jpg\",\"contentUrl\":\"https:\\\/\\\/www.caravaning-esguard.com\\\/wp-content\\\/uploads\\\/2023\\\/11\\\/Caravaning-Esguard-Qui-som-H.jpg\",\"width\":1480,\"height\":360,\"caption\":\"Caravaning Esguard - Qui som\"},{\"@type\":\"BreadcrumbList\",\"@id\":\"https:\\\/\\\/www.caravaning-esguard.com\\\/qui-som\\\/#breadcrumb\",\"itemListElement\":[{\"@type\":\"ListItem\",\"position\":1,\"name\":\"Home\",\"item\":\"https:\\\/\\\/www.caravaning-esguard.com\\\/\"},{\"@type\":\"ListItem\",\"position\":2,\"name\":\"Qui som\"}]},{\"@type\":\"WebSite\",\"@id\":\"https:\\\/\\\/www.caravaning-esguard.com\\\/#website\",\"url\":\"https:\\\/\\\/www.caravaning-esguard.com\\\/\",\"name\":\"Caravaning Esguard\",\"description\":\"Santa Cristina d&#039;Aro\",\"publisher\":{\"@id\":\"https:\\\/\\\/www.caravaning-esguard.com\\\/#organization\"},\"potentialAction\":[{\"@type\":\"SearchAction\",\"target\":{\"@type\":\"EntryPoint\",\"urlTemplate\":\"https:\\\/\\\/www.caravaning-esguard.com\\\/?s={search_term_string}\"},\"query-input\":{\"@type\":\"PropertyValueSpecification\",\"valueRequired\":true,\"valueName\":\"search_term_string\"}}],\"inLanguage\":\"fr-FR\"},{\"@type\":\"Organization\",\"@id\":\"https:\\\/\\\/www.caravaning-esguard.com\\\/#organization\",\"name\":\"Caravaning Esguard\",\"url\":\"https:\\\/\\\/www.caravaning-esguard.com\\\/\",\"logo\":{\"@type\":\"ImageObject\",\"inLanguage\":\"fr-FR\",\"@id\":\"https:\\\/\\\/www.caravaning-esguard.com\\\/#\\\/schema\\\/logo\\\/image\\\/\",\"url\":\"https:\\\/\\\/www.caravaning-esguard.com\\\/wp-content\\\/uploads\\\/2023\\\/09\\\/Caravaning-Esguard-Santa-Cristina-dAro-Logo.png\",\"contentUrl\":\"https:\\\/\\\/www.caravaning-esguard.com\\\/wp-content\\\/uploads\\\/2023\\\/09\\\/Caravaning-Esguard-Santa-Cristina-dAro-Logo.png\",\"width\":228,\"height\":80,\"caption\":\"Caravaning Esguard\"},\"image\":{\"@id\":\"https:\\\/\\\/www.caravaning-esguard.com\\\/#\\\/schema\\\/logo\\\/image\\\/\"},\"sameAs\":[\"https:\\\/\\\/www.facebook.com\\\/caravaningesguard\\\/\",\"https:\\\/\\\/www.instagram.com\\\/caravaningesguard\\\/\"]}]}<\/script>\n<!-- \/ Yoast SEO plugin. -->","yoast_head_json":{"title":"Qui som - Caravaning Esguard","robots":{"index":"index","follow":"follow","max-snippet":"max-snippet:-1","max-image-preview":"max-image-preview:large","max-video-preview":"max-video-preview:-1"},"canonical":"https:\/\/www.caravaning-esguard.com\/fr\/qui-som\/","og_locale":"fr_FR","og_type":"article","og_title":"Qui som - Caravaning Esguard","og_description":"P\u00e0rquing Caravaning Esguard \u00e9s una empresa familiar que neix a Santa Cristina d\u2019Aro el juliol de 2005 amb la vocaci\u00f3 d\u2019oferir servei d\u2019aparcament, guarda i cust\u00f2dia a caravanes, autocaravanes i tot tipus de remolcs, aix\u00ed com els serveis m\u00e9s b\u00e0sics, com la neteja exterior, petites reparacions o el transport de les caravanes als respectius c\u00e0mpings.+ Read More","og_url":"https:\/\/www.caravaning-esguard.com\/fr\/qui-som\/","og_site_name":"Caravaning Esguard","article_publisher":"https:\/\/www.facebook.com\/caravaningesguard\/","article_modified_time":"2026-01-17T09:00:29+00:00","og_image":[{"width":1480,"height":360,"url":"https:\/\/www.caravaning-esguard.com\/wp-content\/uploads\/2023\/11\/Caravaning-Esguard-Qui-som-H.jpg","type":"image\/jpeg"}],"twitter_card":"summary_large_image","twitter_misc":{"Dur\u00e9e de lecture estim\u00e9e":"1 minute"},"schema":{"@context":"https:\/\/schema.org","@graph":[{"@type":"WebPage","@id":"https:\/\/www.caravaning-esguard.com\/qui-som\/","url":"https:\/\/www.caravaning-esguard.com\/qui-som\/","name":"Qui som - Caravaning Esguard","isPartOf":{"@id":"https:\/\/www.caravaning-esguard.com\/#website"},"primaryImageOfPage":{"@id":"https:\/\/www.caravaning-esguard.com\/qui-som\/#primaryimage"},"image":{"@id":"https:\/\/www.caravaning-esguard.com\/qui-som\/#primaryimage"},"thumbnailUrl":"https:\/\/www.caravaning-esguard.com\/wp-content\/uploads\/2023\/11\/Caravaning-Esguard-Qui-som-H.jpg","datePublished":"2023-02-28T21:46:05+00:00","dateModified":"2026-01-17T09:00:29+00:00","breadcrumb":{"@id":"https:\/\/www.caravaning-esguard.com\/qui-som\/#breadcrumb"},"inLanguage":"fr-FR","potentialAction":[{"@type":"ReadAction","target":["https:\/\/www.caravaning-esguard.com\/qui-som\/"]}]},{"@type":"ImageObject","inLanguage":"fr-FR","@id":"https:\/\/www.caravaning-esguard.com\/qui-som\/#primaryimage","url":"https:\/\/www.caravaning-esguard.com\/wp-content\/uploads\/2023\/11\/Caravaning-Esguard-Qui-som-H.jpg","contentUrl":"https:\/\/www.caravaning-esguard.com\/wp-content\/uploads\/2023\/11\/Caravaning-Esguard-Qui-som-H.jpg","width":1480,"height":360,"caption":"Caravaning Esguard - Qui som"},{"@type":"BreadcrumbList","@id":"https:\/\/www.caravaning-esguard.com\/qui-som\/#breadcrumb","itemListElement":[{"@type":"ListItem","position":1,"name":"Home","item":"https:\/\/www.caravaning-esguard.com\/"},{"@type":"ListItem","position":2,"name":"Qui som"}]},{"@type":"WebSite","@id":"https:\/\/www.caravaning-esguard.com\/#website","url":"https:\/\/www.caravaning-esguard.com\/","name":"Caravaning Esguard","description":"Santa Cristina d&#039;Aro","publisher":{"@id":"https:\/\/www.caravaning-esguard.com\/#organization"},"potentialAction":[{"@type":"SearchAction","target":{"@type":"EntryPoint","urlTemplate":"https:\/\/www.caravaning-esguard.com\/?s={search_term_string}"},"query-input":{"@type":"PropertyValueSpecification","valueRequired":true,"valueName":"search_term_string"}}],"inLanguage":"fr-FR"},{"@type":"Organization","@id":"https:\/\/www.caravaning-esguard.com\/#organization","name":"Caravaning Esguard","url":"https:\/\/www.caravaning-esguard.com\/","logo":{"@type":"ImageObject","inLanguage":"fr-FR","@id":"https:\/\/www.caravaning-esguard.com\/#\/schema\/logo\/image\/","url":"https:\/\/www.caravaning-esguard.com\/wp-content\/uploads\/2023\/09\/Caravaning-Esguard-Santa-Cristina-dAro-Logo.png","contentUrl":"https:\/\/www.caravaning-esguard.com\/wp-content\/uploads\/2023\/09\/Caravaning-Esguard-Santa-Cristina-dAro-Logo.png","width":228,"height":80,"caption":"Caravaning Esguard"},"image":{"@id":"https:\/\/www.caravaning-esguard.com\/#\/schema\/logo\/image\/"},"sameAs":["https:\/\/www.facebook.com\/caravaningesguard\/","https:\/\/www.instagram.com\/caravaningesguard\/"]}]}},"_links":{"self":[{"href":"https:\/\/www.caravaning-esguard.com\/fr\/wp-json\/wp\/v2\/pages\/2663","targetHints":{"allow":["GET"]}}],"collection":[{"href":"https:\/\/www.caravaning-esguard.com\/fr\/wp-json\/wp\/v2\/pages"}],"about":[{"href":"https:\/\/www.caravaning-esguard.com\/fr\/wp-json\/wp\/v2\/types\/page"}],"author":[{"embeddable":true,"href":"https:\/\/www.caravaning-esguard.com\/fr\/wp-json\/wp\/v2\/users\/1"}],"replies":[{"embeddable":true,"href":"https:\/\/www.caravaning-esguard.com\/fr\/wp-json\/wp\/v2\/comments?post=2663"}],"version-history":[{"count":0,"href":"https:\/\/www.caravaning-esguard.com\/fr\/wp-json\/wp\/v2\/pages\/2663\/revisions"}],"wp:featuredmedia":[{"embeddable":true,"href":"https:\/\/www.caravaning-esguard.com\/fr\/wp-json\/wp\/v2\/media\/5590"}],"wp:attachment":[{"href":"https:\/\/www.caravaning-esguard.com\/fr\/wp-json\/wp\/v2\/media?parent=2663"}],"curies":[{"name":"wp","href":"https:\/\/api.w.org\/{rel}","templated":true}]}}